{"id":5673251,"date":"2024-09-08T06:40:43","date_gmt":"2024-09-08T06:40:43","guid":{"rendered":"https:\/\/cpg.ihub4.dev\/?page_id=5673251"},"modified":"2024-09-08T06:44:30","modified_gmt":"2024-09-08T06:44:30","slug":"centro-papa-giovanni-missione-cattolica-di-lingua-italiana-nel-canton-lucerna-de","status":"publish","type":"page","link":"https:\/\/www.centropapagiovanni.ch\/index.php\/de\/centro-papa-giovanni-missione-cattolica-di-lingua-italiana-nel-canton-lucerna-de\/","title":{"rendered":"Centro Papa Giovanni &#8211; Missione Cattolica di Lingua Italiana nel Canton Lucerna DE"},"content":{"rendered":"<section class=\"wpb-content-wrapper\">[vc_row disable_element=&#8221;yes&#8221;][vc_column]\n\t\t\t<!-- START Centro Papa Giovanni REVOLUTION SLIDER 6.6.10 --><p class=\"rs-p-wp-fix\"><\/p>\n\t\t\t<rs-module-wrap id=\"rev_slider_3_1_wrapper\" data-source=\"gallery\" style=\"visibility:hidden;background:transparent;padding:0;margin:0px auto;margin-top:0;margin-bottom:0;\">\n\t\t\t\t<rs-module id=\"rev_slider_3_1\" style=\"\" data-version=\"6.6.10\">\n\t\t\t\t\t<rs-slides style=\"overflow: hidden; position: absolute;\">\n\t\t\t\t\t\t<rs-slide style=\"position: absolute;\" data-key=\"rs-6\" data-title=\"Slide\" data-in=\"o:0;\" data-out=\"a:false;\">\n\t\t\t\t\t\t\t<img decoding=\"async\" src=\"\/\/www.centropapagiovanni.ch\/wp-content\/plugins\/slider-revolution\/public\/assets\/assets\/dummy.png\" alt=\"\" title=\"_CPG_New-6927\" width=\"2000\" height=\"1335\" class=\"rev-slidebg tp-rs-img rs-lazyload\" data-lazyload=\"\/\/www.centropapagiovanni.ch\/wp-content\/uploads\/sites\/9\/2024\/09\/CPG_New-6927.jpg\" data-no-retina>\n<!--\n\t\t\t\t\t\t\t--><rs-layer\n\t\t\t\t\t\t\t\tid=\"slider-3-slide-6-layer-0\" \n\t\t\t\t\t\t\t\tdata-type=\"text\"\n\t\t\t\t\t\t\t\tdata-color=\"#000000\"\n\t\t\t\t\t\t\t\tdata-rsp_ch=\"on\"\n\t\t\t\t\t\t\t\tdata-xy=\"xo:353px,512px,361px,225px;y:m;yo:210px,622px,760px,622px;\"\n\t\t\t\t\t\t\t\tdata-text=\"w:normal;s:30,24,18,11;l:60,49,37,22;ls:-2,-1,0,0;fw:700;\"\n\t\t\t\t\t\t\t\tdata-dim=\"w:1829px,1510px,413px,254px;minh:0,none,none,none;\"\n\t\t\t\t\t\t\t\tdata-frame_0=\"x:right;\"\n\t\t\t\t\t\t\t\tdata-frame_1=\"e:default;st:450;sp:1000;sR:450;\"\n\t\t\t\t\t\t\t\tdata-frame_999=\"o:0;e:power4.inOut;st:w;sp:0;sR:7550;\"\n\t\t\t\t\t\t\t\tdata-frame_999_sfx=\"se:blocktoright;\"\n\t\t\t\t\t\t\t\tstyle=\"z-index:6;background-color:rgba(249,208,84,1);font-family:'Montserrat';text-transform:uppercase;padding-left:20px;\"\n\t\t\t\t\t\t\t>Missione Cattolica di Lingua Italiana Canton lucerna \n\t\t\t\t\t\t\t<\/rs-layer><!--\n\n\t\t\t\t\t\t\t--><rs-layer\n\t\t\t\t\t\t\t\tid=\"slider-3-slide-6-layer-4\" \n\t\t\t\t\t\t\t\tdata-type=\"text\"\n\t\t\t\t\t\t\t\tdata-color=\"#000000\"\n\t\t\t\t\t\t\t\tdata-rsp_ch=\"on\"\n\t\t\t\t\t\t\t\tdata-xy=\"xo:610px,290px,174px,109px;y:m;yo:132px,545px,701px,585px;\"\n\t\t\t\t\t\t\t\tdata-text=\"s:50,41,31,19;l:90,74,56,34;ls:-2,-1,0,0;fw:700;\"\n\t\t\t\t\t\t\t\tdata-dim=\"w:1674px,1382px,601px,370px;minh:0,none,none,none;\"\n\t\t\t\t\t\t\t\tdata-frame_0=\"x:right;\"\n\t\t\t\t\t\t\t\tdata-frame_1=\"e:default;st:230;sp:1000;sR:230;\"\n\t\t\t\t\t\t\t\tdata-frame_999=\"o:0;e:power4.inOut;st:w;sp:0;sR:7770;\"\n\t\t\t\t\t\t\t\tdata-frame_999_sfx=\"se:blocktoright;\"\n\t\t\t\t\t\t\t\tstyle=\"z-index:7;background-color:rgba(249,208,84,1);font-family:'Montserrat';text-transform:uppercase;padding-left:20px;\"\n\t\t\t\t\t\t\t>Centro Papa Giovanni \n\t\t\t\t\t\t\t<\/rs-layer><!--\n-->\t\t\t\t\t\t<\/rs-slide>\n\t\t\t\t\t<\/rs-slides>\n\t\t\t\t\t<rs-static-layers><!--\n\t\t\t\t\t--><\/rs-static-layers>\n\t\t\t\t<\/rs-module>\n\t\t\t\t<script>\n\t\t\t\t\tsetREVStartSize({c: 'rev_slider_3_1',rl:[1240,1024,778,480],el:[900,768,960,720],gw:[1240,1024,778,480],gh:[900,768,960,720],type:'standard',justify:'',layout:'fullwidth',mh:\"0\"});if (window.RS_MODULES!==undefined && window.RS_MODULES.modules!==undefined && window.RS_MODULES.modules[\"revslider31\"]!==undefined) {window.RS_MODULES.modules[\"revslider31\"].once = false;window.revapi3 = undefined;if (window.RS_MODULES.checkMinimal!==undefined) window.RS_MODULES.checkMinimal()}\n\t\t\t\t<\/script>\n\t\t\t<\/rs-module-wrap>\n\t\t\t<!-- END REVOLUTION SLIDER -->\n[\/vc_column][\/vc_row][vc_row][vc_column]\n\t\t\t<!-- START Centro Papa Giovanni REVOLUTION SLIDER 6.6.10 --><p class=\"rs-p-wp-fix\"><\/p>\n\t\t\t<rs-module-wrap id=\"rev_slider_3_2_wrapper\" data-source=\"gallery\" style=\"visibility:hidden;background:transparent;padding:0;margin:0px auto;margin-top:0;margin-bottom:0;\">\n\t\t\t\t<rs-module id=\"rev_slider_3_2\" style=\"\" data-version=\"6.6.10\">\n\t\t\t\t\t<rs-slides style=\"overflow: hidden; position: absolute;\">\n\t\t\t\t\t\t<rs-slide style=\"position: absolute;\" data-key=\"rs-6\" data-title=\"Slide\" data-in=\"o:0;\" data-out=\"a:false;\">\n\t\t\t\t\t\t\t<img decoding=\"async\" src=\"\/\/www.centropapagiovanni.ch\/wp-content\/plugins\/slider-revolution\/public\/assets\/assets\/dummy.png\" alt=\"\" title=\"_CPG_New-6927\" width=\"2000\" height=\"1335\" class=\"rev-slidebg tp-rs-img rs-lazyload\" data-lazyload=\"\/\/www.centropapagiovanni.ch\/wp-content\/uploads\/sites\/9\/2024\/09\/CPG_New-6927.jpg\" data-no-retina>\n<!--\n\t\t\t\t\t\t\t--><rs-layer\n\t\t\t\t\t\t\t\tid=\"slider-3-slide-6-layer-0\" \n\t\t\t\t\t\t\t\tdata-type=\"text\"\n\t\t\t\t\t\t\t\tdata-color=\"#000000\"\n\t\t\t\t\t\t\t\tdata-rsp_ch=\"on\"\n\t\t\t\t\t\t\t\tdata-xy=\"xo:353px,512px,361px,225px;y:m;yo:210px,622px,760px,622px;\"\n\t\t\t\t\t\t\t\tdata-text=\"w:normal;s:30,24,18,11;l:60,49,37,22;ls:-2,-1,0,0;fw:700;\"\n\t\t\t\t\t\t\t\tdata-dim=\"w:1829px,1510px,413px,254px;minh:0,none,none,none;\"\n\t\t\t\t\t\t\t\tdata-frame_0=\"x:right;\"\n\t\t\t\t\t\t\t\tdata-frame_1=\"e:default;st:450;sp:1000;sR:450;\"\n\t\t\t\t\t\t\t\tdata-frame_999=\"o:0;e:power4.inOut;st:w;sp:0;sR:7550;\"\n\t\t\t\t\t\t\t\tdata-frame_999_sfx=\"se:blocktoright;\"\n\t\t\t\t\t\t\t\tstyle=\"z-index:6;background-color:rgba(249,208,84,1);font-family:'Montserrat';text-transform:uppercase;padding-left:20px;\"\n\t\t\t\t\t\t\t>Missione Cattolica di Lingua Italiana Canton lucerna \n\t\t\t\t\t\t\t<\/rs-layer><!--\n\n\t\t\t\t\t\t\t--><rs-layer\n\t\t\t\t\t\t\t\tid=\"slider-3-slide-6-layer-4\" \n\t\t\t\t\t\t\t\tdata-type=\"text\"\n\t\t\t\t\t\t\t\tdata-color=\"#000000\"\n\t\t\t\t\t\t\t\tdata-rsp_ch=\"on\"\n\t\t\t\t\t\t\t\tdata-xy=\"xo:610px,290px,174px,109px;y:m;yo:132px,545px,701px,585px;\"\n\t\t\t\t\t\t\t\tdata-text=\"s:50,41,31,19;l:90,74,56,34;ls:-2,-1,0,0;fw:700;\"\n\t\t\t\t\t\t\t\tdata-dim=\"w:1674px,1382px,601px,370px;minh:0,none,none,none;\"\n\t\t\t\t\t\t\t\tdata-frame_0=\"x:right;\"\n\t\t\t\t\t\t\t\tdata-frame_1=\"e:default;st:230;sp:1000;sR:230;\"\n\t\t\t\t\t\t\t\tdata-frame_999=\"o:0;e:power4.inOut;st:w;sp:0;sR:7770;\"\n\t\t\t\t\t\t\t\tdata-frame_999_sfx=\"se:blocktoright;\"\n\t\t\t\t\t\t\t\tstyle=\"z-index:7;background-color:rgba(249,208,84,1);font-family:'Montserrat';text-transform:uppercase;padding-left:20px;\"\n\t\t\t\t\t\t\t>Centro Papa Giovanni \n\t\t\t\t\t\t\t<\/rs-layer><!--\n-->\t\t\t\t\t\t<\/rs-slide>\n\t\t\t\t\t<\/rs-slides>\n\t\t\t\t\t<rs-static-layers><!--\n\t\t\t\t\t--><\/rs-static-layers>\n\t\t\t\t<\/rs-module>\n\t\t\t\t<script>\n\t\t\t\t\tsetREVStartSize({c: 'rev_slider_3_2',rl:[1240,1024,778,480],el:[900,768,960,720],gw:[1240,1024,778,480],gh:[900,768,960,720],type:'standard',justify:'',layout:'fullwidth',mh:\"0\"});if (window.RS_MODULES!==undefined && window.RS_MODULES.modules!==undefined && window.RS_MODULES.modules[\"revslider32\"]!==undefined) {window.RS_MODULES.modules[\"revslider32\"].once = false;window.revapi3_2 = undefined;if (window.RS_MODULES.checkMinimal!==undefined) window.RS_MODULES.checkMinimal()}\n\t\t\t\t<\/script>\n\t\t\t<\/rs-module-wrap>\n\t\t\t<!-- END REVOLUTION SLIDER -->\n[\/vc_column][\/vc_row][vc_row][vc_column][vc_empty_space height=&#8221;0px&#8221;][\/vc_column][\/vc_row][vc_row full_width=&#8221;stretch_row&#8221; full_height=&#8221;yes&#8221; equal_height=&#8221;yes&#8221; disable_element=&#8221;yes&#8221; css=&#8221;.vc_custom_1715439155894{background-position: center !important;background-repeat: no-repeat !important;background-size: cover !important;}&#8221; side_background_title_color=&#8221;rgba(0,0,0,0.03)&#8221; side_background_title_typo=&#8221;font_size~110||letter_spacing~-1||weight~600||uppercase~1&#8243; el_id=&#8221;home&#8221;][vc_column width=&#8221;1\/2&#8243;][vc_empty_space height=&#8221;0px&#8221;][\/vc_column][vc_column width=&#8221;1\/2&#8243;][\/vc_column][\/vc_row][vc_row][vc_column][vc_empty_space height=&#8221;0px&#8221;][\/vc_column][\/vc_row][vc_row disable_element=&#8221;yes&#8221;][vc_column][vc_empty_space height=&#8221;30px&#8221;]<div class=\"norebro-heading-sc heading nor-heading-xs text-left\"\n\tid=\"norebro-custom-69f2bdb541602\" \n\t \n\t>\n\t\n\t\t\t<p class=\"subtitle\">\n\t\t\t\t\t<\/p>\n\t\n\t\n\t<h3 class=\"title subtitle-top\">\n\t\t<span class=\"brand-color\">EVENTI E NEWS<\/span> <span class=\"brand-color\"><\/span>\t<\/h3>\n\n\t\n\t\t\n<\/div>[vc_empty_space height=&#8221;5px&#8221;][\/vc_column][\/vc_row][vc_row equal_height=&#8221;yes&#8221; disable_element=&#8221;yes&#8221;][vc_column][vc_empty_space height=&#8221;15px&#8221;]<div class=\"norebro-recent-posts-sc vc_row blog-posts-masonry\" \n\tid=\"norebro-custom-69f2bdb541ca9\"\n\t \n\t>\n\n\t<div class=\"norebro-masonry\" data-lazy-container=\"posts\"><\/div>\t\n<\/div>[vc_empty_space height=&#8221;5px&#8221;]<div class=\"norebro-recent-posts-sc vc_row blog-posts-masonry\" \n\tid=\"norebro-custom-69f2bdb54576d\"\n\t \n\t>\n\n\t<div class=\"norebro-masonry\" data-lazy-container=\"posts\"><div class=\" vc_col-lg-4 vc_col-md-4 vc_col-sm-6 vc_col-xs-12 blog-post-masonry masonry-block post-offset norebro-card-wrapper grid-item\" data-lazy-item=\"\" data-lazy-scope=\"posts\"><div class=\"blog-grid grid-1 boxed\" >\n\n\t<header>\n\t\t\n\t\t\t\t<div class=\"tags\">\n\t\t\t\t\t\t\t<a class=\"tag brand-bg-color brand-border-color\" href=\"https:\/\/www.centropapagiovanni.ch\/index.php\/category\/eventi-it\/\">\n\t\t\t\t\tEventi\t\t\t\t<\/a>\n\t\t\t\t\t\t\t<a class=\"tag brand-bg-color brand-border-color\" href=\"https:\/\/www.centropapagiovanni.ch\/index.php\/category\/home\/\">\n\t\t\t\t\tHome\t\t\t\t<\/a>\n\t\t\t\t\t<\/div>\n\t\t\t<\/header>\n\n\t<div class=\"content\">\n\t\t<h3>\n\t\t\t\t\t\t<a href=\"https:\/\/www.centropapagiovanni.ch\/index.php\/2026\/04\/28\/pellegrinaggioaromerswil\/\">\n\t\t\t\tPellegrinaggio a R\u00f6merswil\t\t\t<\/a>\n\t\t<\/h3>\n\t\t\n\t\t<p>[vc_row][vc_column][\/vc_column][\/vc_row]<\/p>\n\t<\/div>\n\n\t<footer>\n\t\t\t\t<span class=\"author\">admin_cpg_lucerna<\/span>\n\t\t<strong>&mdash;<\/strong>\n\t\t\t\t\t\t<span class=\"data\">Aprile 28, 2026<\/span>\n\t\t\t<\/footer>\n\n<\/div>\n<div class=\"clear\"><\/div><\/div><div class=\" vc_col-lg-4 vc_col-md-4 vc_col-sm-6 vc_col-xs-12 blog-post-masonry masonry-block post-offset norebro-card-wrapper grid-item\" data-lazy-item=\"\" data-lazy-scope=\"posts\"><div class=\"blog-grid grid-1 boxed\" >\n\n\t<header>\n\t\t\n\t\t\t\t<div class=\"tags\">\n\t\t\t\t\t\t\t<a class=\"tag brand-bg-color brand-border-color\" href=\"https:\/\/www.centropapagiovanni.ch\/index.php\/category\/eventi-it\/\">\n\t\t\t\t\tEventi\t\t\t\t<\/a>\n\t\t\t\t\t\t\t<a class=\"tag brand-bg-color brand-border-color\" href=\"https:\/\/www.centropapagiovanni.ch\/index.php\/category\/home\/\">\n\t\t\t\t\tHome\t\t\t\t<\/a>\n\t\t\t\t\t<\/div>\n\t\t\t<\/header>\n\n\t<div class=\"content\">\n\t\t<h3>\n\t\t\t\t\t\t<a href=\"https:\/\/www.centropapagiovanni.ch\/index.php\/2026\/04\/16\/nuovonumeroditelefono\/\">\n\t\t\t\tCAMBIO NUMERO TELEFONICO DELLA MISSIONE CATTOLICA DI LINGUA ITALIANA NEI CANTONI DI LUCERNA, NIDWALDEN &amp; OBWALDEN\t\t\t<\/a>\n\t\t<\/h3>\n\t\t\n\t\t<p>[vc_row][vc_column][\/vc_column][\/vc_row]<\/p>\n\t<\/div>\n\n\t<footer>\n\t\t\t\t<span class=\"author\">admin_cpg_lucerna<\/span>\n\t\t<strong>&mdash;<\/strong>\n\t\t\t\t\t\t<span class=\"data\">Aprile 16, 2026<\/span>\n\t\t\t<\/footer>\n\n<\/div>\n<div class=\"clear\"><\/div><\/div><div class=\" vc_col-lg-4 vc_col-md-4 vc_col-sm-6 vc_col-xs-12 blog-post-masonry masonry-block post-offset norebro-card-wrapper grid-item\" data-lazy-item=\"\" data-lazy-scope=\"posts\"><div class=\"blog-grid grid-1 boxed\" >\n\n\t<header>\n\t\t\n\t\t\t\t<div class=\"tags\">\n\t\t\t\t\t\t\t<a class=\"tag brand-bg-color brand-border-color\" href=\"https:\/\/www.centropapagiovanni.ch\/index.php\/category\/eventi-it\/\">\n\t\t\t\t\tEventi\t\t\t\t<\/a>\n\t\t\t\t\t<\/div>\n\t\t\t<\/header>\n\n\t<div class=\"content\">\n\t\t<h3>\n\t\t\t\t\t\t<a href=\"https:\/\/www.centropapagiovanni.ch\/index.php\/2026\/04\/16\/festadisanfrancescodipaola\/\">\n\t\t\t\tFESTA DI SAN FRANCESCO DI PAOLA\t\t\t<\/a>\n\t\t<\/h3>\n\t\t\n\t\t<p>[vc_row][vc_column][\/vc_column][\/vc_row][vc_row][vc_column][vc_column_text]Come ormai da tradizione, domenica 26 aprile festeggeremo San Francesco di Paola. Celebrazione&hellip;<\/p>\n\t<\/div>\n\n\t<footer>\n\t\t\t\t<span class=\"author\">admin_cpg_lucerna<\/span>\n\t\t<strong>&mdash;<\/strong>\n\t\t\t\t\t\t<span class=\"data\">Aprile 16, 2026<\/span>\n\t\t\t<\/footer>\n\n<\/div>\n<div class=\"clear\"><\/div><\/div><div class=\" vc_col-lg-4 vc_col-md-4 vc_col-sm-6 vc_col-xs-12 blog-post-masonry masonry-block post-offset norebro-card-wrapper grid-item\" data-lazy-item=\"\" data-lazy-scope=\"posts\"><div class=\"blog-grid grid-1 boxed\" >\n\n\t<header>\n\t\t\n\t\t\t\t<div class=\"tags\">\n\t\t\t\t\t\t\t<a class=\"tag brand-bg-color brand-border-color\" href=\"https:\/\/www.centropapagiovanni.ch\/index.php\/category\/eventi-it\/\">\n\t\t\t\t\tEventi\t\t\t\t<\/a>\n\t\t\t\t\t\t\t<a class=\"tag brand-bg-color brand-border-color\" href=\"https:\/\/www.centropapagiovanni.ch\/index.php\/category\/home\/\">\n\t\t\t\t\tHome\t\t\t\t<\/a>\n\t\t\t\t\t<\/div>\n\t\t\t<\/header>\n\n\t<div class=\"content\">\n\t\t<h3>\n\t\t\t\t\t\t<a href=\"https:\/\/www.centropapagiovanni.ch\/index.php\/2026\/04\/16\/campeggio-dei-ragazzi-dal-22-24-maggio-2026\/\">\n\t\t\t\tCampeggio dei ragazzi dal 22-24 maggio 2026\t\t\t<\/a>\n\t\t<\/h3>\n\t\t\n\t\t<p>[vc_row][vc_column][\/vc_column][\/vc_row][vc_row][vc_column][vc_column_text]Da venerd\u00ec 22 maggio a domenica 24 maggio 2026 avr\u00e0 luogo il campeggio per tutti i bambini&hellip;<\/p>\n\t<\/div>\n\n\t<footer>\n\t\t\t\t<span class=\"author\">admin_cpg_lucerna<\/span>\n\t\t<strong>&mdash;<\/strong>\n\t\t\t\t\t\t<span class=\"data\">Aprile 16, 2026<\/span>\n\t\t\t<\/footer>\n\n<\/div>\n<div class=\"clear\"><\/div><\/div><div class=\" vc_col-lg-4 vc_col-md-4 vc_col-sm-6 vc_col-xs-12 blog-post-masonry masonry-block post-offset norebro-card-wrapper grid-item\" data-lazy-item=\"\" data-lazy-scope=\"posts\"><div class=\"blog-grid grid-1 boxed\" >\n\n\t<header>\n\t\t\n\t\t\t\t<div class=\"tags\">\n\t\t\t\t\t\t\t<a class=\"tag brand-bg-color brand-border-color\" href=\"https:\/\/www.centropapagiovanni.ch\/index.php\/category\/eventi-it\/\">\n\t\t\t\t\tEventi\t\t\t\t<\/a>\n\t\t\t\t\t<\/div>\n\t\t\t<\/header>\n\n\t<div class=\"content\">\n\t\t<h3>\n\t\t\t\t\t\t<a href=\"https:\/\/www.centropapagiovanni.ch\/index.php\/2026\/03\/24\/il-ragazzo-dai-pantaloni-rosa\/\">\n\t\t\t\tDomenica 19 aprile- Film: il ragazzo dai pantaloni rosa\t\t\t<\/a>\n\t\t<\/h3>\n\t\t\n\t\t<p>[vc_row][vc_column][\/vc_column][\/vc_row][vc_row][vc_column][vc_column_text]Domenica 19 aprile alle ore 14.00 presso il Centro Papa Giovanni avremo modo di proiettare&hellip;<\/p>\n\t<\/div>\n\n\t<footer>\n\t\t\t\t<span class=\"author\">admin_cpg_lucerna<\/span>\n\t\t<strong>&mdash;<\/strong>\n\t\t\t\t\t\t<span class=\"data\">Marzo 24, 2026<\/span>\n\t\t\t<\/footer>\n\n<\/div>\n<div class=\"clear\"><\/div><\/div><div class=\" vc_col-lg-4 vc_col-md-4 vc_col-sm-6 vc_col-xs-12 blog-post-masonry masonry-block post-offset norebro-card-wrapper grid-item\" data-lazy-item=\"\" data-lazy-scope=\"posts\"><div class=\"blog-grid grid-1 boxed\" >\n\n\t<header>\n\t\t\n\t\t\t\t<div class=\"tags\">\n\t\t\t\t\t\t\t<a class=\"tag brand-bg-color brand-border-color\" href=\"https:\/\/www.centropapagiovanni.ch\/index.php\/category\/eventi-it\/\">\n\t\t\t\t\tEventi\t\t\t\t<\/a>\n\t\t\t\t\t<\/div>\n\t\t\t<\/header>\n\n\t<div class=\"content\">\n\t\t<h3>\n\t\t\t\t\t\t<a href=\"https:\/\/www.centropapagiovanni.ch\/index.php\/2026\/03\/19\/settimanasanta2026\/\">\n\t\t\t\tSettimana Santa 2026\t\t\t<\/a>\n\t\t<\/h3>\n\t\t\n\t\t<p>[vc_row][vc_column][vc_empty_space][\/vc_column][\/vc_row]<\/p>\n\t<\/div>\n\n\t<footer>\n\t\t\t\t<span class=\"author\">admin_cpg_lucerna<\/span>\n\t\t<strong>&mdash;<\/strong>\n\t\t\t\t\t\t<span class=\"data\">Marzo 19, 2026<\/span>\n\t\t\t<\/footer>\n\n<\/div>\n<div class=\"clear\"><\/div><\/div><div class=\" vc_col-lg-4 vc_col-md-4 vc_col-sm-6 vc_col-xs-12 blog-post-masonry masonry-block post-offset norebro-card-wrapper grid-item\" data-lazy-item=\"\" data-lazy-scope=\"posts\"><div class=\"blog-grid grid-1 boxed\" >\n\n\t<header>\n\t\t\n\t\t\t\t<div class=\"tags\">\n\t\t\t\t\t\t\t<a class=\"tag brand-bg-color brand-border-color\" href=\"https:\/\/www.centropapagiovanni.ch\/index.php\/category\/eventi-it\/\">\n\t\t\t\t\tEventi\t\t\t\t<\/a>\n\t\t\t\t\t<\/div>\n\t\t\t<\/header>\n\n\t<div class=\"content\">\n\t\t<h3>\n\t\t\t\t\t\t<a href=\"https:\/\/www.centropapagiovanni.ch\/index.php\/2026\/03\/05\/sabato-14-marzo-ritiro-spirituale-in-preparazione-alla-pasqua\/\">\n\t\t\t\tSabato 14 marzo: Ritiro spirituale in preparazione alla Pasqua\t\t\t<\/a>\n\t\t<\/h3>\n\t\t\n\t\t<p>[vc_row][vc_column][vc_empty_space][\/vc_column][\/vc_row]<\/p>\n\t<\/div>\n\n\t<footer>\n\t\t\t\t<span class=\"author\">admin_cpg_lucerna<\/span>\n\t\t<strong>&mdash;<\/strong>\n\t\t\t\t\t\t<span class=\"data\">Marzo 5, 2026<\/span>\n\t\t\t<\/footer>\n\n<\/div>\n<div class=\"clear\"><\/div><\/div><div class=\" vc_col-lg-4 vc_col-md-4 vc_col-sm-6 vc_col-xs-12 blog-post-masonry masonry-block post-offset norebro-card-wrapper grid-item\" data-lazy-item=\"\" data-lazy-scope=\"posts\"><div class=\"blog-grid grid-1 boxed\" >\n\n\t<header>\n\t\t\n\t\t\t\t<div class=\"tags\">\n\t\t\t\t\t\t\t<a class=\"tag brand-bg-color brand-border-color\" href=\"https:\/\/www.centropapagiovanni.ch\/index.php\/category\/eventi-it\/\">\n\t\t\t\t\tEventi\t\t\t\t<\/a>\n\t\t\t\t\t<\/div>\n\t\t\t<\/header>\n\n\t<div class=\"content\">\n\t\t<h3>\n\t\t\t\t\t\t<a href=\"https:\/\/www.centropapagiovanni.ch\/index.php\/2026\/03\/05\/spaghettimania\/\">\n\t\t\t\tDomenica 15 marzo 2026: Spaghettimania presso il Centro Papa Giovanni\t\t\t<\/a>\n\t\t<\/h3>\n\t\t\n\t\t<p>[vc_row][vc_column][vc_empty_space][\/vc_column][\/vc_row]<\/p>\n\t<\/div>\n\n\t<footer>\n\t\t\t\t<span class=\"author\">admin_cpg_lucerna<\/span>\n\t\t<strong>&mdash;<\/strong>\n\t\t\t\t\t\t<span class=\"data\">Marzo 5, 2026<\/span>\n\t\t\t<\/footer>\n\n<\/div>\n<div class=\"clear\"><\/div><\/div><div class=\" vc_col-lg-4 vc_col-md-4 vc_col-sm-6 vc_col-xs-12 blog-post-masonry masonry-block post-offset norebro-card-wrapper grid-item\" data-lazy-item=\"\" data-lazy-scope=\"posts\"><div class=\"blog-grid grid-1 boxed\" >\n\n\t<header>\n\t\t\n\t\t\t\t<div class=\"tags\">\n\t\t\t\t\t\t\t<a class=\"tag brand-bg-color brand-border-color\" href=\"https:\/\/www.centropapagiovanni.ch\/index.php\/category\/eventi-it\/\">\n\t\t\t\t\tEventi\t\t\t\t<\/a>\n\t\t\t\t\t<\/div>\n\t\t\t<\/header>\n\n\t<div class=\"content\">\n\t\t<h3>\n\t\t\t\t\t\t<a href=\"https:\/\/www.centropapagiovanni.ch\/index.php\/2026\/03\/05\/domenica-22-marzo-rappresentazione-della-passione\/\">\n\t\t\t\tDomenica 22 marzo 2026: Rappresentazione della passione\t\t\t<\/a>\n\t\t<\/h3>\n\t\t\n\t\t<p>[vc_row][vc_column][vc_empty_space][\/vc_column][\/vc_row]<\/p>\n\t<\/div>\n\n\t<footer>\n\t\t\t\t<span class=\"author\">admin_cpg_lucerna<\/span>\n\t\t<strong>&mdash;<\/strong>\n\t\t\t\t\t\t<span class=\"data\">Marzo 5, 2026<\/span>\n\t\t\t<\/footer>\n\n<\/div>\n<div class=\"clear\"><\/div><\/div><div class=\" vc_col-lg-4 vc_col-md-4 vc_col-sm-6 vc_col-xs-12 blog-post-masonry masonry-block post-offset norebro-card-wrapper grid-item\" data-lazy-item=\"\" data-lazy-scope=\"posts\"><div class=\"blog-grid grid-1 boxed\" >\n\n\t<header>\n\t\t\n\t\t\t\t<div class=\"tags\">\n\t\t\t\t\t\t\t<a class=\"tag brand-bg-color brand-border-color\" href=\"https:\/\/www.centropapagiovanni.ch\/index.php\/category\/eventi-it\/\">\n\t\t\t\t\tEventi\t\t\t\t<\/a>\n\t\t\t\t\t<\/div>\n\t\t\t<\/header>\n\n\t<div class=\"content\">\n\t\t<h3>\n\t\t\t\t\t\t<a href=\"https:\/\/www.centropapagiovanni.ch\/index.php\/2026\/01\/29\/domenica-22-febbraio-202615-anniversario-della-missione-cattolica-e-del-centro-papa-giovanni\/\">\n\t\t\t\tDomenica 22 Febbraio 2026:&quot;15\u00b0 anniversario della Missione Cattolica e del Centro Papa Giovanni\t\t\t<\/a>\n\t\t<\/h3>\n\t\t\n\t\t<p>[vc_row][vc_column][vc_empty_space][\/vc_column][\/vc_row]<\/p>\n\t<\/div>\n\n\t<footer>\n\t\t\t\t<span class=\"author\">admin_cpg_lucerna<\/span>\n\t\t<strong>&mdash;<\/strong>\n\t\t\t\t\t\t<span class=\"data\">Gennaio 29, 2026<\/span>\n\t\t\t<\/footer>\n\n<\/div>\n<div class=\"clear\"><\/div><\/div><div class=\" vc_col-lg-4 vc_col-md-4 vc_col-sm-6 vc_col-xs-12 blog-post-masonry masonry-block post-offset norebro-card-wrapper grid-item\" data-lazy-item=\"\" data-lazy-scope=\"posts\"><div class=\"blog-grid grid-1 boxed\" >\n\n\t<header>\n\t\t\n\t\t\t\t<div class=\"tags\">\n\t\t\t\t\t\t\t<a class=\"tag brand-bg-color brand-border-color\" href=\"https:\/\/www.centropapagiovanni.ch\/index.php\/category\/eventi-it\/\">\n\t\t\t\t\tEventi\t\t\t\t<\/a>\n\t\t\t\t\t<\/div>\n\t\t\t<\/header>\n\n\t<div class=\"content\">\n\t\t<h3>\n\t\t\t\t\t\t<a href=\"https:\/\/www.centropapagiovanni.ch\/index.php\/2026\/01\/29\/mercoledi-11-febbraio-2026-festa-di-carnevale-delloratorio\/\">\n\t\t\t\tMercoled\u00ec 11 febbraio 2026: Festa di Carnevale dell&#039;Oratorio\t\t\t<\/a>\n\t\t<\/h3>\n\t\t\n\t\t<p>[vc_row][vc_column][vc_empty_space][\/vc_column][\/vc_row]<\/p>\n\t<\/div>\n\n\t<footer>\n\t\t\t\t<span class=\"author\">admin_cpg_lucerna<\/span>\n\t\t<strong>&mdash;<\/strong>\n\t\t\t\t\t\t<span class=\"data\">Gennaio 29, 2026<\/span>\n\t\t\t<\/footer>\n\n<\/div>\n<div class=\"clear\"><\/div><\/div><div class=\" vc_col-lg-4 vc_col-md-4 vc_col-sm-6 vc_col-xs-12 blog-post-masonry masonry-block post-offset norebro-card-wrapper grid-item\" data-lazy-item=\"\" data-lazy-scope=\"posts\"><div class=\"blog-grid grid-1 boxed\" >\n\n\t<header>\n\t\t\n\t\t\t\t<div class=\"tags\">\n\t\t\t\t\t\t\t<a class=\"tag brand-bg-color brand-border-color\" href=\"https:\/\/www.centropapagiovanni.ch\/index.php\/category\/eventi-it\/\">\n\t\t\t\t\tEventi\t\t\t\t<\/a>\n\t\t\t\t\t<\/div>\n\t\t\t<\/header>\n\n\t<div class=\"content\">\n\t\t<h3>\n\t\t\t\t\t\t<a href=\"https:\/\/www.centropapagiovanni.ch\/index.php\/2026\/01\/08\/giornata-in-famiglia-a-reiden\/\">\n\t\t\t\tDomenica 18 gennaio giornata comunitaria a Reiden\t\t\t<\/a>\n\t\t<\/h3>\n\t\t\n\t\t<p>[vc_row][vc_column][\/vc_column][\/vc_row][vc_row][vc_column][vc_column_text]Programma della giornata:\u00a0 Ore 12.30: pranzo comunitario presso il centro parrocchiale&hellip;<\/p>\n\t<\/div>\n\n\t<footer>\n\t\t\t\t<span class=\"author\">admin_cpg_lucerna<\/span>\n\t\t<strong>&mdash;<\/strong>\n\t\t\t\t\t\t<span class=\"data\">Gennaio 8, 2026<\/span>\n\t\t\t<\/footer>\n\n<\/div>\n<div class=\"clear\"><\/div><\/div><\/div>\t\n<\/div>[vc_empty_space height=&#8221;20px&#8221;][\/vc_column][\/vc_row][vc_row disable_element=&#8221;yes&#8221;][vc_column width=&#8221;2\/3&#8243;]<div class=\"norebro-heading-sc heading nor-heading-xs text-left\"\n\tid=\"norebro-custom-69f2bdb54c6d4\" \n\t \n\t>\n\t\n\t\t\t<p class=\"subtitle\">\n\t\t\t\t\t<\/p>\n\t\n\t\n\t<h3 class=\"title subtitle-top\">\n\t\t<span class=\"brand-color\">EVENTI IN CALENDARIO<\/span> <span class=\"brand-color\"><\/span>\t<\/h3>\n\n\t\n\t\t\n<\/div>[vc_empty_space height=&#8221;20px&#8221;]<div id=\"mec_skin_5672860\" class=\"mec-wrap colorskin-custom  \">\n\n    \n    <div class=\"mec-calendar mec-calendar-daily mec-calendar-weekly\">\n                <div class=\"mec-skin-weekly-view-month-navigator-container mec-calendar-a-month mec-clear\">\n            <div class=\"mec-month-navigator\" id=\"mec_month_navigator5672860_202604\"><div class=\"mec-previous-month mec-load-month mec-color\" data-mec-year=\"2026\" data-mec-month=\"03\"><a href=\"#\" class=\"mec-load-month-link\"><i class=\"mec-sl-angle-left\"><\/i><\/a><\/div><h4 class=\"mec-month-label\">2026 Aprile<\/h4><div class=\"mec-next-month mec-load-month mec-color\" data-mec-year=\"2026\" data-mec-month=\"05\"><a href=\"#\" class=\"mec-load-month-link\"><i class=\"mec-sl-angle-right\"><\/i><\/a><\/div><\/div>\n        <\/div>\n        \n        <div class=\"mec-skin-weekly-view-events-container\" id=\"mec_skin_events_5672860\">\n            <div class=\"mec-month-container\" id=\"mec_weekly_view_month_5672860_202604\">\n                <div class=\"mec-calendar-d-top\"><div class=\"mec-previous-month mec-load-week mec-color\" href=\"#\"><i class=\"mec-sl-angle-left\"><\/i><\/div><div class=\"mec-next-month mec-load-week mec-color\" href=\"#\"><i class=\"mec-sl-angle-right\"><\/i><\/div><h3 class=\"mec-current-week\">Settimana <span>5<\/span><\/h3><\/div><div class=\"mec-weeks-container mec-calendar-d-table\"><dl class=\"mec-weekly-view-week\" id=\"mec_weekly_view_week_5672860_2026041\" data-week-id=\"2026041\" data-week-number=\"1\" data-max-weeks=\"5\"><dt data-events-count=\"1\" class=\"\"><span class=\"mec-weekly-view-weekday\">Lun<\/span> <span class=\"mec-weekly-view-monthday\">30<\/span> <\/dt><dt data-events-count=\"1\" class=\"\"><span class=\"mec-weekly-view-weekday\">Mar<\/span> <span class=\"mec-weekly-view-monthday\">31<\/span> <\/dt><dt data-events-count=\"1\" class=\"\"><span class=\"mec-weekly-view-weekday\">Mer<\/span> <span class=\"mec-weekly-view-monthday\">1<\/span> <\/dt><dt data-events-count=\"1\" class=\"\"><span class=\"mec-weekly-view-weekday\">Gio<\/span> <span class=\"mec-weekly-view-monthday\">2<\/span> <\/dt><dt data-events-count=\"1\" class=\"\"><span class=\"mec-weekly-view-weekday\">Ven<\/span> <span class=\"mec-weekly-view-monthday\">3<\/span> <\/dt><dt data-events-count=\"1\" class=\"\"><span class=\"mec-weekly-view-weekday\">Sab<\/span> <span class=\"mec-weekly-view-monthday\">4<\/span> <\/dt><dt data-events-count=\"1\" class=\"\"><span class=\"mec-weekly-view-weekday\">Dom<\/span> <span class=\"mec-weekly-view-monthday\">5<\/span> <\/dt><\/dl><dl class=\"mec-weekly-view-week\" id=\"mec_weekly_view_week_5672860_2026042\" data-week-id=\"2026042\" data-week-number=\"2\" data-max-weeks=\"5\"><dt data-events-count=\"0\" class=\"mec-weekly-disabled mec-table-nullday\"><span class=\"mec-weekly-view-weekday\">Lun<\/span> <span class=\"mec-weekly-view-monthday\">6<\/span> <\/dt><dt data-events-count=\"0\" class=\"mec-weekly-disabled mec-table-nullday\"><span class=\"mec-weekly-view-weekday\">Mar<\/span> <span class=\"mec-weekly-view-monthday\">7<\/span> <\/dt><dt data-events-count=\"0\" class=\"mec-weekly-disabled mec-table-nullday\"><span class=\"mec-weekly-view-weekday\">Mer<\/span> <span class=\"mec-weekly-view-monthday\">8<\/span> <\/dt><dt data-events-count=\"0\" class=\"mec-weekly-disabled mec-table-nullday\"><span class=\"mec-weekly-view-weekday\">Gio<\/span> <span class=\"mec-weekly-view-monthday\">9<\/span> <\/dt><dt data-events-count=\"0\" class=\"mec-weekly-disabled mec-table-nullday\"><span class=\"mec-weekly-view-weekday\">Ven<\/span> <span class=\"mec-weekly-view-monthday\">10<\/span> <\/dt><dt data-events-count=\"1\" class=\"\"><span class=\"mec-weekly-view-weekday\">Sab<\/span> <span class=\"mec-weekly-view-monthday\">11<\/span> <\/dt><dt data-events-count=\"2\" class=\"\"><span class=\"mec-weekly-view-weekday\">Dom<\/span> <span class=\"mec-weekly-view-monthday\">12<\/span> <\/dt><\/dl><dl class=\"mec-weekly-view-week\" id=\"mec_weekly_view_week_5672860_2026043\" data-week-id=\"2026043\" data-week-number=\"3\" data-max-weeks=\"5\"><dt data-events-count=\"2\" class=\"\"><span class=\"mec-weekly-view-weekday\">Lun<\/span> <span class=\"mec-weekly-view-monthday\">13<\/span> <\/dt><dt data-events-count=\"1\" class=\"\"><span class=\"mec-weekly-view-weekday\">Mar<\/span> <span class=\"mec-weekly-view-monthday\">14<\/span> <\/dt><dt data-events-count=\"1\" class=\"\"><span class=\"mec-weekly-view-weekday\">Mer<\/span> <span class=\"mec-weekly-view-monthday\">15<\/span> <\/dt><dt data-events-count=\"1\" class=\"\"><span class=\"mec-weekly-view-weekday\">Gio<\/span> <span class=\"mec-weekly-view-monthday\">16<\/span> <\/dt><dt data-events-count=\"1\" class=\"\"><span class=\"mec-weekly-view-weekday\">Ven<\/span> <span class=\"mec-weekly-view-monthday\">17<\/span> <\/dt><dt data-events-count=\"1\" class=\"\"><span class=\"mec-weekly-view-weekday\">Sab<\/span> <span class=\"mec-weekly-view-monthday\">18<\/span> <\/dt><dt data-events-count=\"1\" class=\"\"><span class=\"mec-weekly-view-weekday\">Dom<\/span> <span class=\"mec-weekly-view-monthday\">19<\/span> <\/dt><\/dl><dl class=\"mec-weekly-view-week\" id=\"mec_weekly_view_week_5672860_2026044\" data-week-id=\"2026044\" data-week-number=\"4\" data-max-weeks=\"5\"><dt data-events-count=\"1\" class=\"\"><span class=\"mec-weekly-view-weekday\">Lun<\/span> <span class=\"mec-weekly-view-monthday\">20<\/span> <\/dt><dt data-events-count=\"1\" class=\"\"><span class=\"mec-weekly-view-weekday\">Mar<\/span> <span class=\"mec-weekly-view-monthday\">21<\/span> <\/dt><dt data-events-count=\"1\" class=\"\"><span class=\"mec-weekly-view-weekday\">Mer<\/span> <span class=\"mec-weekly-view-monthday\">22<\/span> <\/dt><dt data-events-count=\"1\" class=\"\"><span class=\"mec-weekly-view-weekday\">Gio<\/span> <span class=\"mec-weekly-view-monthday\">23<\/span> <\/dt><dt data-events-count=\"1\" class=\"\"><span class=\"mec-weekly-view-weekday\">Ven<\/span> <span class=\"mec-weekly-view-monthday\">24<\/span> <\/dt><dt data-events-count=\"1\" class=\"\"><span class=\"mec-weekly-view-weekday\">Sab<\/span> <span class=\"mec-weekly-view-monthday\">25<\/span> <\/dt><dt data-events-count=\"1\" class=\"\"><span class=\"mec-weekly-view-weekday\">Dom<\/span> <span class=\"mec-weekly-view-monthday\">26<\/span> <\/dt><\/dl><dl class=\"mec-weekly-view-week\" id=\"mec_weekly_view_week_5672860_2026045\" data-week-id=\"2026045\" data-week-number=\"5\" data-max-weeks=\"5\"><dt data-events-count=\"1\" class=\"\"><span class=\"mec-weekly-view-weekday\">Lun<\/span> <span class=\"mec-weekly-view-monthday\">27<\/span> <\/dt><dt data-events-count=\"1\" class=\"\"><span class=\"mec-weekly-view-weekday\">Mar<\/span> <span class=\"mec-weekly-view-monthday\">28<\/span> <\/dt><dt data-events-count=\"1\" class=\"\"><span class=\"mec-weekly-view-weekday\">Mer<\/span> <span class=\"mec-weekly-view-monthday\">29<\/span> <\/dt><dt data-events-count=\"1\" class=\"\"><span class=\"mec-weekly-view-weekday\">Gio<\/span> <span class=\"mec-weekly-view-monthday\">30<\/span> <\/dt><dt data-events-count=\"1\" class=\"\"><span class=\"mec-weekly-view-weekday\">Ven<\/span> <span class=\"mec-weekly-view-monthday\">1<\/span> <\/dt><dt data-events-count=\"1\" class=\"\"><span class=\"mec-weekly-view-weekday\">Sab<\/span> <span class=\"mec-weekly-view-monthday\">2<\/span> <\/dt><dt data-events-count=\"1\" class=\"\"><span class=\"mec-weekly-view-weekday\">Dom<\/span> <span class=\"mec-weekly-view-monthday\">3<\/span> <\/dt><\/dl><\/div>\n<div class=\"mec-week-events-container\"><ul class=\"mec-weekly-view-dates-events\">\n                <li class=\"mec-weekly-view-date-events mec-util-hidden mec-calendar-day-events mec-clear mec-weekly-view-week-5672860-2026041\" id=\"mec_weekly_view_date_events5672860_20260330\" data-week-number=\"1\">\n                                            <article class=\"mec-past-event mec-event-article  \">\n                <div class=\"mec-event-list-weekly-date mec-color\"><span class=\"mec-date-day\">30<\/span>Marzo<\/div>\n                <div class=\"mec-event-image\"><\/div>\n                \n                                <div class=\"mec-event-time mec-color\"><i class=\"mec-sl-clock-o\"><\/i> All Day<\/div>\n                \n                <h4 class=\"mec-event-title\">Ore 19.30 Prove &#8220;Note Libere&#8221; al CPG; ore 20.00 preghiera carismatica al CPG<\/h4>\n                                <div class=\"mec-event-detail\"><div class=\"mec-event-loc-place\"><\/div><\/div>\n                                                                            <\/article>\n            <\/li>\n                    <li class=\"mec-weekly-view-date-events mec-util-hidden mec-calendar-day-events mec-clear mec-weekly-view-week-5672860-2026041\" id=\"mec_weekly_view_date_events5672860_20260331\" data-week-number=\"1\">\n                                            <article class=\"mec-past-event mec-event-article  \">\n                <div class=\"mec-event-list-weekly-date mec-color\"><span class=\"mec-date-day\">31<\/span>Marzo<\/div>\n                <div class=\"mec-event-image\"><\/div>\n                \n                                <div class=\"mec-event-time mec-color\"><i class=\"mec-sl-clock-o\"><\/i> All Day<\/div>\n                \n                <h4 class=\"mec-event-title\">Ore 14.00 Gruppo pensionati al CPG;<\/h4>\n                                <div class=\"mec-event-detail\"><div class=\"mec-event-loc-place\"><\/div><\/div>\n                                                                            <\/article>\n            <\/li>\n                    <li class=\"mec-weekly-view-date-events mec-util-hidden mec-calendar-day-events mec-clear mec-weekly-view-week-5672860-2026041\" id=\"mec_weekly_view_date_events5672860_20260401\" data-week-number=\"1\">\n                                            <article class=\"mec-past-event mec-event-article  \">\n                <div class=\"mec-event-list-weekly-date mec-color\"><span class=\"mec-date-day\">01<\/span>Aprile<\/div>\n                <div class=\"mec-event-image\"><\/div>\n                \n                                <div class=\"mec-event-time mec-color\"><i class=\"mec-sl-clock-o\"><\/i> All Day<\/div>\n                \n                <h4 class=\"mec-event-title\">Ore 14.00 Oratorio al CPG; Ore 14.00 Gruppo del mercoled\u00ec a Sursee; ore 18.30 Santa Messa con Adorazione Eucaristica presso la chiesa di Santa Maria<\/h4>\n                                <div class=\"mec-event-detail\"><div class=\"mec-event-loc-place\"><\/div><\/div>\n                                                                            <\/article>\n            <\/li>\n                    <li class=\"mec-weekly-view-date-events mec-util-hidden mec-calendar-day-events mec-clear mec-weekly-view-week-5672860-2026041\" id=\"mec_weekly_view_date_events5672860_20260402\" data-week-number=\"1\">\n                                            <article class=\"mec-past-event mec-event-article  \">\n                <div class=\"mec-event-list-weekly-date mec-color\"><span class=\"mec-date-day\">02<\/span>Aprile<\/div>\n                <div class=\"mec-event-image\"><\/div>\n                \n                                <div class=\"mec-event-time mec-color\"><i class=\"mec-sl-clock-o\"><\/i> All Day<\/div>\n                \n                <h4 class=\"mec-event-title\">Gioved\u00ec Santo &#8211; Ore 18.00 Santa Messa in Cena del Signore a Stans; Ore 20.00 Santa Messa in Cena del Signore a Santa Maria<\/h4>\n                                <div class=\"mec-event-detail\"><div class=\"mec-event-loc-place\"><\/div><\/div>\n                                                                            <\/article>\n            <\/li>\n                    <li class=\"mec-weekly-view-date-events mec-util-hidden mec-calendar-day-events mec-clear mec-weekly-view-week-5672860-2026041\" id=\"mec_weekly_view_date_events5672860_20260403\" data-week-number=\"1\">\n                                            <article class=\"mec-past-event mec-event-article  \">\n                <div class=\"mec-event-list-weekly-date mec-color\"><span class=\"mec-date-day\">03<\/span>Aprile<\/div>\n                <div class=\"mec-event-image\"><\/div>\n                \n                                <div class=\"mec-event-time mec-color\"><i class=\"mec-sl-clock-o\"><\/i> All Day<\/div>\n                \n                <h4 class=\"mec-event-title\">Venerd\u00ec Santo &#8211; Ore 09.30 Penitenziale comunitaria nella chiesa di San Pietro a Lucerna; Ore 15.00 Celebrazione della Passione presso la chiesa di Santa Maria; ore 17.00 Via Crucis a Reiden; ore 18.00 Via Crucis a Hochdorf<\/h4>\n                                <div class=\"mec-event-detail\"><div class=\"mec-event-loc-place\"><\/div><\/div>\n                                                                            <\/article>\n            <\/li>\n                    <li class=\"mec-weekly-view-date-events mec-util-hidden mec-calendar-day-events mec-clear mec-weekly-view-week-5672860-2026041\" id=\"mec_weekly_view_date_events5672860_20260404\" data-week-number=\"1\">\n                                            <article class=\"mec-past-event mec-event-article  \">\n                <div class=\"mec-event-list-weekly-date mec-color\"><span class=\"mec-date-day\">04<\/span>Aprile<\/div>\n                <div class=\"mec-event-image\"><\/div>\n                \n                                <div class=\"mec-event-time mec-color\"><i class=\"mec-sl-clock-o\"><\/i> All Day<\/div>\n                \n                <h4 class=\"mec-event-title\">Sabato Santo &#8211; Ore 17.30 Veglia Pasquale a Reiden; ore 19.30 Veglia Pasquale a Sursee; ore 22.00 Veglia Pasquale a Santa Maria<\/h4>\n                                <div class=\"mec-event-detail\"><div class=\"mec-event-loc-place\"><\/div><\/div>\n                                                                            <\/article>\n            <\/li>\n                    <li class=\"mec-weekly-view-date-events mec-util-hidden mec-calendar-day-events mec-clear mec-weekly-view-week-5672860-2026041\" id=\"mec_weekly_view_date_events5672860_20260405\" data-week-number=\"1\">\n                                            <article class=\"mec-past-event mec-event-article  \">\n                <div class=\"mec-event-list-weekly-date mec-color\"><span class=\"mec-date-day\">05<\/span>Aprile<\/div>\n                <div class=\"mec-event-image\"><\/div>\n                \n                                <div class=\"mec-event-time mec-color\"><i class=\"mec-sl-clock-o\"><\/i> All Day<\/div>\n                \n                <h4 class=\"mec-event-title\">Santa Pasqua &#8211; Ore 09.30 Santa Messa a Santa Maria; Ore 10.00 Santa Messa a Stans; Ore 11.30 Santa Messa presso la Chiesa dei Gesuiti; ore 17.00 Santa Messa a Hochdorf<\/h4>\n                                <div class=\"mec-event-detail\"><div class=\"mec-event-loc-place\"><\/div><\/div>\n                                                                            <\/article>\n            <\/li>\n                                                                                <li class=\"mec-weekly-view-date-events mec-util-hidden mec-calendar-day-events mec-clear mec-weekly-view-week-5672860-2026042\" id=\"mec_weekly_view_date_events5672860_20260411\" data-week-number=\"2\">\n                                            <article class=\"mec-past-event mec-event-article  \">\n                <div class=\"mec-event-list-weekly-date mec-color\"><span class=\"mec-date-day\">11<\/span>Aprile<\/div>\n                <div class=\"mec-event-image\"><\/div>\n                \n                                <div class=\"mec-event-time mec-color\"><i class=\"mec-sl-clock-o\"><\/i> All Day<\/div>\n                \n                <h4 class=\"mec-event-title\">Ore 17.00 Santa Messa a Hochdorf; ore 18.30 Santa Messa a Sursee<\/h4>\n                                <div class=\"mec-event-detail\"><div class=\"mec-event-loc-place\"><\/div><\/div>\n                                                                            <\/article>\n            <\/li>\n                    <li class=\"mec-weekly-view-date-events mec-util-hidden mec-calendar-day-events mec-clear mec-weekly-view-week-5672860-2026042\" id=\"mec_weekly_view_date_events5672860_20260412\" data-week-number=\"2\">\n                                            <article class=\"mec-past-event mec-event-article  \">\n                <div class=\"mec-event-list-weekly-date mec-color\"><span class=\"mec-date-day\">12<\/span>Aprile<\/div>\n                <div class=\"mec-event-image\"><\/div>\n                \n                                <div class=\"mec-event-time mec-color\"><i class=\"mec-sl-clock-o\"><\/i> All Day<\/div>\n                \n                <h4 class=\"mec-event-title\">Domenica in albis &#8211; Ore 10.00 Santa Messa a Santa Maria; Ore 11.30 Santa Messa presso la chiesa dei Gesuiti; Ore 17.00 Santa Messa a Stans; Ore 18.00 incontro gruppo Giovani al CPG<\/h4>\n                                <div class=\"mec-event-detail\"><div class=\"mec-event-loc-place\"><\/div><\/div>\n                                                                            <\/article>\n                                            <article class=\"mec-past-event mec-event-article  \">\n                <div class=\"mec-event-list-weekly-date mec-color\"><span class=\"mec-date-day\">12<\/span>Aprile<\/div>\n                <div class=\"mec-event-image\"><\/div>\n                \n                                <div class=\"mec-event-time mec-color\"><i class=\"mec-sl-clock-o\"><\/i> All Day<\/div>\n                \n                <h4 class=\"mec-event-title\">Domenica in albis &#8211; Ore 10.00 Santa Messa a Santa Maria; Ore 11.30 Santa Messa presso la chiesa dei Gesuiti; Ore 17.00 Santa Messa a Stans; Ore 18.00 incontro gruppo Giovani al CPG<\/h4>\n                                <div class=\"mec-event-detail\"><div class=\"mec-event-loc-place\"><\/div><\/div>\n                                                                            <\/article>\n            <\/li>\n                    <li class=\"mec-weekly-view-date-events mec-util-hidden mec-calendar-day-events mec-clear mec-weekly-view-week-5672860-2026043\" id=\"mec_weekly_view_date_events5672860_20260413\" data-week-number=\"3\">\n                                            <article class=\"mec-past-event mec-event-article  \">\n                <div class=\"mec-event-list-weekly-date mec-color\"><span class=\"mec-date-day\">13<\/span>Aprile<\/div>\n                <div class=\"mec-event-image\"><\/div>\n                \n                                <div class=\"mec-event-time mec-color\"><i class=\"mec-sl-clock-o\"><\/i> All Day<\/div>\n                \n                <h4 class=\"mec-event-title\">Ore 14.00 gruppo pensionati a Reiden; Ore 19.30 Prove &#8220;Note Libere&#8221; al CPG; ore 20.00 preghiera carismatica al CPG<\/h4>\n                                <div class=\"mec-event-detail\"><div class=\"mec-event-loc-place\"><\/div><\/div>\n                                                                            <\/article>\n                                            <article class=\"mec-past-event mec-event-article  \">\n                <div class=\"mec-event-list-weekly-date mec-color\"><span class=\"mec-date-day\">13<\/span>Aprile<\/div>\n                <div class=\"mec-event-image\"><\/div>\n                \n                                <div class=\"mec-event-time mec-color\"><i class=\"mec-sl-clock-o\"><\/i> All Day<\/div>\n                \n                <h4 class=\"mec-event-title\">Ore 14.00 gruppo pensionati a Reiden; ore 20.00 preghiera carismatica al CPG<\/h4>\n                                <div class=\"mec-event-detail\"><div class=\"mec-event-loc-place\"><\/div><\/div>\n                                                                            <\/article>\n            <\/li>\n                    <li class=\"mec-weekly-view-date-events mec-util-hidden mec-calendar-day-events mec-clear mec-weekly-view-week-5672860-2026043\" id=\"mec_weekly_view_date_events5672860_20260414\" data-week-number=\"3\">\n                                            <article class=\"mec-past-event mec-event-article  \">\n                <div class=\"mec-event-list-weekly-date mec-color\"><span class=\"mec-date-day\">14<\/span>Aprile<\/div>\n                <div class=\"mec-event-image\"><\/div>\n                \n                                <div class=\"mec-event-time mec-color\"><i class=\"mec-sl-clock-o\"><\/i> All Day<\/div>\n                \n                <h4 class=\"mec-event-title\">Ore 14.00 Gruppo pensionati al CPG; ore 18.00 rosario &#8220;Regina della Pace&#8221; al CPG<\/h4>\n                                <div class=\"mec-event-detail\"><div class=\"mec-event-loc-place\"><\/div><\/div>\n                                                                            <\/article>\n            <\/li>\n                    <li class=\"mec-weekly-view-date-events mec-util-hidden mec-calendar-day-events mec-clear mec-weekly-view-week-5672860-2026043\" id=\"mec_weekly_view_date_events5672860_20260415\" data-week-number=\"3\">\n                                            <article class=\"mec-past-event mec-event-article  \">\n                <div class=\"mec-event-list-weekly-date mec-color\"><span class=\"mec-date-day\">15<\/span>Aprile<\/div>\n                <div class=\"mec-event-image\"><\/div>\n                \n                                <div class=\"mec-event-time mec-color\"><i class=\"mec-sl-clock-o\"><\/i> All Day<\/div>\n                \n                <h4 class=\"mec-event-title\">Ore 14.00 incontri del mercoled\u00ec a Sursee; Ore 14.30 Oratorio al CPG; ore 18.30 Santa Messa a Santa Maria con Adorazione<\/h4>\n                                <div class=\"mec-event-detail\"><div class=\"mec-event-loc-place\"><\/div><\/div>\n                                                                            <\/article>\n            <\/li>\n                    <li class=\"mec-weekly-view-date-events mec-util-hidden mec-calendar-day-events mec-clear mec-weekly-view-week-5672860-2026043\" id=\"mec_weekly_view_date_events5672860_20260416\" data-week-number=\"3\">\n                                            <article class=\"mec-past-event mec-event-article  \">\n                <div class=\"mec-event-list-weekly-date mec-color\"><span class=\"mec-date-day\">16<\/span>Aprile<\/div>\n                <div class=\"mec-event-image\"><\/div>\n                \n                                <div class=\"mec-event-time mec-color\"><i class=\"mec-sl-clock-o\"><\/i> All Day<\/div>\n                \n                <h4 class=\"mec-event-title\">Ore 14.00 Gruppo pensionati a Lucerna; Ore 17.30 Santa Messa con Adorazione Eucaristica a San Paolo<\/h4>\n                                <div class=\"mec-event-detail\"><div class=\"mec-event-loc-place\"><\/div><\/div>\n                                                                            <\/article>\n            <\/li>\n                    <li class=\"mec-weekly-view-date-events mec-util-hidden mec-calendar-day-events mec-clear mec-weekly-view-week-5672860-2026043\" id=\"mec_weekly_view_date_events5672860_20260417\" data-week-number=\"3\">\n                                            <article class=\"mec-past-event mec-event-article  \">\n                <div class=\"mec-event-list-weekly-date mec-color\"><span class=\"mec-date-day\">17<\/span>Aprile<\/div>\n                <div class=\"mec-event-image\"><\/div>\n                \n                                <div class=\"mec-event-time mec-color\"><i class=\"mec-sl-clock-o\"><\/i> All Day<\/div>\n                \n                <h4 class=\"mec-event-title\">Ore 20.00 Prove della corale; Ore 20.00 Incontro dei Teens al CPG<\/h4>\n                                <div class=\"mec-event-detail\"><div class=\"mec-event-loc-place\"><\/div><\/div>\n                                                                            <\/article>\n            <\/li>\n                    <li class=\"mec-weekly-view-date-events mec-util-hidden mec-calendar-day-events mec-clear mec-weekly-view-week-5672860-2026043\" id=\"mec_weekly_view_date_events5672860_20260418\" data-week-number=\"3\">\n                                            <article class=\"mec-past-event mec-event-article  \">\n                <div class=\"mec-event-list-weekly-date mec-color\"><span class=\"mec-date-day\">18<\/span>Aprile<\/div>\n                <div class=\"mec-event-image\"><\/div>\n                \n                                <div class=\"mec-event-time mec-color\"><i class=\"mec-sl-clock-o\"><\/i> All Day<\/div>\n                \n                <h4 class=\"mec-event-title\">Ore 17.00 Santa Messa a Hochdorf; ore 18.30 Santa Messa a Sursee<\/h4>\n                                <div class=\"mec-event-detail\"><div class=\"mec-event-loc-place\"><\/div><\/div>\n                                                                            <\/article>\n            <\/li>\n                    <li class=\"mec-weekly-view-date-events mec-util-hidden mec-calendar-day-events mec-clear mec-weekly-view-week-5672860-2026043\" id=\"mec_weekly_view_date_events5672860_20260419\" data-week-number=\"3\">\n                                            <article class=\"mec-past-event mec-event-article  \">\n                <div class=\"mec-event-list-weekly-date mec-color\"><span class=\"mec-date-day\">19<\/span>Aprile<\/div>\n                <div class=\"mec-event-image\"><\/div>\n                \n                                <div class=\"mec-event-time mec-color\"><i class=\"mec-sl-clock-o\"><\/i> All Day<\/div>\n                \n                <h4 class=\"mec-event-title\">SANTA MESSA DEI BATTEZZATI 2025 A SANTA MARIA: Ore 10.00 Santa Messa a Santa Maria; Ore 11.30 Santa Messa presso la chiesa dei Gesuiti; Ore 17.00 Santa Messa a Reiden; Ore 18.00 incontro gruppo Giovani al CPG; dalle ore 14.00 in poi avr\u00e0 luogo la visione del film &#8220;il ragazzo dai pantaloni rosa&#8221; con la presenza della mamma Teresa Manes.<\/h4>\n                                <div class=\"mec-event-detail\"><div class=\"mec-event-loc-place\"><\/div><\/div>\n                                                                            <\/article>\n            <\/li>\n                    <li class=\"mec-weekly-view-date-events mec-util-hidden mec-calendar-day-events mec-clear mec-weekly-view-week-5672860-2026044\" id=\"mec_weekly_view_date_events5672860_20260420\" data-week-number=\"4\">\n                                            <article class=\"mec-past-event mec-event-article  \">\n                <div class=\"mec-event-list-weekly-date mec-color\"><span class=\"mec-date-day\">20<\/span>Aprile<\/div>\n                <div class=\"mec-event-image\"><\/div>\n                \n                                <div class=\"mec-event-time mec-color\"><i class=\"mec-sl-clock-o\"><\/i> All Day<\/div>\n                \n                <h4 class=\"mec-event-title\">Ore 19.30 Prove &#8220;Note Libere&#8221; al CPG; ore 20.00 preghiera carismatica<\/h4>\n                                <div class=\"mec-event-detail\"><div class=\"mec-event-loc-place\"><\/div><\/div>\n                                                                            <\/article>\n            <\/li>\n                    <li class=\"mec-weekly-view-date-events mec-util-hidden mec-calendar-day-events mec-clear mec-weekly-view-week-5672860-2026044\" id=\"mec_weekly_view_date_events5672860_20260421\" data-week-number=\"4\">\n                                            <article class=\"mec-past-event mec-event-article  \">\n                <div class=\"mec-event-list-weekly-date mec-color\"><span class=\"mec-date-day\">21<\/span>Aprile<\/div>\n                <div class=\"mec-event-image\"><\/div>\n                \n                                <div class=\"mec-event-time mec-color\"><i class=\"mec-sl-clock-o\"><\/i> All Day<\/div>\n                \n                <h4 class=\"mec-event-title\">Ore 14.00 Gruppo pensionati al CPG<\/h4>\n                                <div class=\"mec-event-detail\"><div class=\"mec-event-loc-place\"><\/div><\/div>\n                                                                            <\/article>\n            <\/li>\n                    <li class=\"mec-weekly-view-date-events mec-util-hidden mec-calendar-day-events mec-clear mec-weekly-view-week-5672860-2026044\" id=\"mec_weekly_view_date_events5672860_20260422\" data-week-number=\"4\">\n                                            <article class=\"mec-past-event mec-event-article  \">\n                <div class=\"mec-event-list-weekly-date mec-color\"><span class=\"mec-date-day\">22<\/span>Aprile<\/div>\n                <div class=\"mec-event-image\"><\/div>\n                \n                                <div class=\"mec-event-time mec-color\"><i class=\"mec-sl-clock-o\"><\/i> All Day<\/div>\n                \n                <h4 class=\"mec-event-title\">Ore 14.00 incontri del mercoled\u00ec a Sursee; Ore 14.30 Oratorio al CPG; ore 18.30 Santa Messa a Santa Maria con Adorazione<\/h4>\n                                <div class=\"mec-event-detail\"><div class=\"mec-event-loc-place\"><\/div><\/div>\n                                                                            <\/article>\n            <\/li>\n                    <li class=\"mec-weekly-view-date-events mec-util-hidden mec-calendar-day-events mec-clear mec-weekly-view-week-5672860-2026044\" id=\"mec_weekly_view_date_events5672860_20260423\" data-week-number=\"4\">\n                                            <article class=\"mec-past-event mec-event-article  \">\n                <div class=\"mec-event-list-weekly-date mec-color\"><span class=\"mec-date-day\">23<\/span>Aprile<\/div>\n                <div class=\"mec-event-image\"><\/div>\n                \n                                <div class=\"mec-event-time mec-color\"><i class=\"mec-sl-clock-o\"><\/i> All Day<\/div>\n                \n                <h4 class=\"mec-event-title\">Ore 14.00 Gruppo pensionati a Lucerna; Ore 17.30 Santa Messa con Adorazione Eucaristica a San Paolo<\/h4>\n                                <div class=\"mec-event-detail\"><div class=\"mec-event-loc-place\"><\/div><\/div>\n                                                                            <\/article>\n            <\/li>\n                    <li class=\"mec-weekly-view-date-events mec-util-hidden mec-calendar-day-events mec-clear mec-weekly-view-week-5672860-2026044\" id=\"mec_weekly_view_date_events5672860_20260424\" data-week-number=\"4\">\n                                            <article class=\"mec-past-event mec-event-article  \">\n                <div class=\"mec-event-list-weekly-date mec-color\"><span class=\"mec-date-day\">24<\/span>Aprile<\/div>\n                <div class=\"mec-event-image\"><\/div>\n                \n                                <div class=\"mec-event-time mec-color\"><i class=\"mec-sl-clock-o\"><\/i> All Day<\/div>\n                \n                <h4 class=\"mec-event-title\">Ore 20.00 Prove della corale; Ore 20.00 Incontro dei Teens al CPG<\/h4>\n                                <div class=\"mec-event-detail\"><div class=\"mec-event-loc-place\"><\/div><\/div>\n                                                                            <\/article>\n            <\/li>\n                    <li class=\"mec-weekly-view-date-events mec-util-hidden mec-calendar-day-events mec-clear mec-weekly-view-week-5672860-2026044\" id=\"mec_weekly_view_date_events5672860_20260425\" data-week-number=\"4\">\n                                            <article class=\"mec-past-event mec-event-article  \">\n                <div class=\"mec-event-list-weekly-date mec-color\"><span class=\"mec-date-day\">25<\/span>Aprile<\/div>\n                <div class=\"mec-event-image\"><\/div>\n                \n                                <div class=\"mec-event-time mec-color\"><i class=\"mec-sl-clock-o\"><\/i> All Day<\/div>\n                \n                <h4 class=\"mec-event-title\">USCITA DEI TPL + CP; Ore 17.00 Santa Messa a Hochdorf; Ore 18.30 Santa Messa a Sursee<\/h4>\n                                <div class=\"mec-event-detail\"><div class=\"mec-event-loc-place\"><\/div><\/div>\n                                                                            <\/article>\n            <\/li>\n                    <li class=\"mec-weekly-view-date-events mec-util-hidden mec-calendar-day-events mec-clear mec-weekly-view-week-5672860-2026044\" id=\"mec_weekly_view_date_events5672860_20260426\" data-week-number=\"4\">\n                                            <article class=\"mec-past-event mec-event-article  \">\n                <div class=\"mec-event-list-weekly-date mec-color\"><span class=\"mec-date-day\">26<\/span>Aprile<\/div>\n                <div class=\"mec-event-image\"><\/div>\n                \n                                <div class=\"mec-event-time mec-color\"><i class=\"mec-sl-clock-o\"><\/i> All Day<\/div>\n                \n                <h4 class=\"mec-event-title\">FESTA DI SAN FRANCESCO DI PAOLA; Ore 10.00 Santa Messa a Santa Maria; Ore 11.30 Santa Messa presso la chiesa dei Gesuiti; ore 17.00 Santa Messa a Stans; ore 18.00 incontro Giovani al CPG<\/h4>\n                                <div class=\"mec-event-detail\"><div class=\"mec-event-loc-place\"><\/div><\/div>\n                                                                            <\/article>\n            <\/li>\n                    <li class=\"mec-weekly-view-date-events mec-util-hidden mec-calendar-day-events mec-clear mec-weekly-view-week-5672860-2026045\" id=\"mec_weekly_view_date_events5672860_20260427\" data-week-number=\"5\">\n                                            <article class=\"mec-past-event mec-event-article  \">\n                <div class=\"mec-event-list-weekly-date mec-color\"><span class=\"mec-date-day\">27<\/span>Aprile<\/div>\n                <div class=\"mec-event-image\"><\/div>\n                \n                                <div class=\"mec-event-time mec-color\"><i class=\"mec-sl-clock-o\"><\/i> All Day<\/div>\n                \n                <h4 class=\"mec-event-title\">Ore 19.30 Prove &#8220;Note Libere&#8221; al CPG<\/h4>\n                                <div class=\"mec-event-detail\"><div class=\"mec-event-loc-place\"><\/div><\/div>\n                                                                            <\/article>\n            <\/li>\n                    <li class=\"mec-weekly-view-date-events mec-util-hidden mec-calendar-day-events mec-clear mec-weekly-view-week-5672860-2026045\" id=\"mec_weekly_view_date_events5672860_20260428\" data-week-number=\"5\">\n                                            <article class=\"mec-past-event mec-event-article  \">\n                <div class=\"mec-event-list-weekly-date mec-color\"><span class=\"mec-date-day\">28<\/span>Aprile<\/div>\n                <div class=\"mec-event-image\"><\/div>\n                \n                                <div class=\"mec-event-time mec-color\"><i class=\"mec-sl-clock-o\"><\/i> All Day<\/div>\n                \n                <h4 class=\"mec-event-title\">Ore 14.00 Gruppo pensionati al CPG; ore 18.00 rosario &#8220;Regina della Pace&#8221; al CPG<\/h4>\n                                <div class=\"mec-event-detail\"><div class=\"mec-event-loc-place\"><\/div><\/div>\n                                                                            <\/article>\n            <\/li>\n                    <li class=\"mec-weekly-view-date-events mec-util-hidden mec-calendar-day-events mec-clear mec-weekly-view-week-5672860-2026045\" id=\"mec_weekly_view_date_events5672860_20260429\" data-week-number=\"5\">\n                                            <article class=\"mec-past-event mec-event-article  \">\n                <div class=\"mec-event-list-weekly-date mec-color\"><span class=\"mec-date-day\">29<\/span>Aprile<\/div>\n                <div class=\"mec-event-image\"><\/div>\n                \n                                <div class=\"mec-event-time mec-color\"><i class=\"mec-sl-clock-o\"><\/i> All Day<\/div>\n                \n                <h4 class=\"mec-event-title\">Ore 14.00 incontri del mercoled\u00ec a Sursee; Ore 14.30 Oratorio al CPG; non si celebra a Santa Maria<\/h4>\n                                <div class=\"mec-event-detail\"><div class=\"mec-event-loc-place\"><\/div><\/div>\n                                                                            <\/article>\n            <\/li>\n                    <li class=\"mec-weekly-view-date-events mec-util-hidden mec-calendar-day-events mec-clear mec-weekly-view-week-5672860-2026045\" id=\"mec_weekly_view_date_events5672860_20260430\" data-week-number=\"5\">\n                                            <article class=\"mec-event-article  \">\n                <div class=\"mec-event-list-weekly-date mec-color\"><span class=\"mec-date-day\">30<\/span>Aprile<\/div>\n                <div class=\"mec-event-image\"><\/div>\n                \n                                <div class=\"mec-event-time mec-color\"><i class=\"mec-sl-clock-o\"><\/i> All Day<\/div>\n                \n                <h4 class=\"mec-event-title\">Ore 14.00 Gruppo pensionati a Lucerna; non si celebra presso la chiesa di San Paolo<\/h4>\n                                <div class=\"mec-event-detail\"><div class=\"mec-event-loc-place\"><\/div><\/div>\n                                                                            <\/article>\n            <\/li>\n                    <li class=\"mec-weekly-view-date-events mec-util-hidden mec-calendar-day-events mec-clear mec-weekly-view-week-5672860-2026045\" id=\"mec_weekly_view_date_events5672860_20260501\" data-week-number=\"5\">\n                                            <article class=\"mec-event-article  \">\n                <div class=\"mec-event-list-weekly-date mec-color\"><span class=\"mec-date-day\">01<\/span>Maggio<\/div>\n                <div class=\"mec-event-image\"><\/div>\n                \n                                <div class=\"mec-event-time mec-color\"><i class=\"mec-sl-clock-o\"><\/i> All Day<\/div>\n                \n                <h4 class=\"mec-event-title\">Ore 20.00 Prove della corale<\/h4>\n                                <div class=\"mec-event-detail\"><div class=\"mec-event-loc-place\"><\/div><\/div>\n                                                                            <\/article>\n            <\/li>\n                    <li class=\"mec-weekly-view-date-events mec-util-hidden mec-calendar-day-events mec-clear mec-weekly-view-week-5672860-2026045\" id=\"mec_weekly_view_date_events5672860_20260502\" data-week-number=\"5\">\n                                            <article class=\"mec-event-article  \">\n                <div class=\"mec-event-list-weekly-date mec-color\"><span class=\"mec-date-day\">02<\/span>Maggio<\/div>\n                <div class=\"mec-event-image\"><\/div>\n                \n                                <div class=\"mec-event-time mec-color\"><i class=\"mec-sl-clock-o\"><\/i> All Day<\/div>\n                \n                <h4 class=\"mec-event-title\">Ore 18.30 Santa Messa a Sursee<\/h4>\n                                <div class=\"mec-event-detail\"><div class=\"mec-event-loc-place\"><\/div><\/div>\n                                                                            <\/article>\n            <\/li>\n                    <li class=\"mec-weekly-view-date-events mec-util-hidden mec-calendar-day-events mec-clear mec-weekly-view-week-5672860-2026045\" id=\"mec_weekly_view_date_events5672860_20260503\" data-week-number=\"5\">\n                                            <article class=\"mec-event-article  \">\n                <div class=\"mec-event-list-weekly-date mec-color\"><span class=\"mec-date-day\">03<\/span>Maggio<\/div>\n                <div class=\"mec-event-image\"><\/div>\n                \n                                <div class=\"mec-event-time mec-color\"><i class=\"mec-sl-clock-o\"><\/i> All Day<\/div>\n                \n                <h4 class=\"mec-event-title\">Ore 10.00 Santa Messa a Santa Maria; ore 11.30 Santa Messa presso la chiesa dei Gesuiti; ore 16.00 Pellegrinaggio a R\u00f6merswil; ore 18.00 incontro del gruppo giovanile<\/h4>\n                                <div class=\"mec-event-detail\"><div class=\"mec-event-loc-place\"><\/div><\/div>\n                                                                            <\/article>\n            <\/li>\n        <\/ul>\n<div class=\"mec-event-footer\"><\/div><\/div>            <\/div>\n        <\/div>\n    <\/div>\n\n        \n<\/div>[vc_empty_space][\/vc_column][vc_column width=&#8221;1\/3&#8243;][vc_empty_space height=&#8221;20px&#8221;]<div class=\"norebro-heading-sc heading text-left\"\n\tid=\"norebro-custom-69f2bdb57ee10\" \n\t \n\t>\n\t\n\t\n\t\n\t<h3 class=\"title\">\n\t\t<span class=\"brand-color\">PAROLA DEL GIORNO<\/span> <span class=\"brand-color\"><\/span>\t<\/h3>\n\n\t\n\t\t\t<p class=\"subtitle\">\n\t\t\t\t\t<\/p>\n\t\t\n<\/div><div class=\"norebro-button-sc btn-wrap text-left\" \n\tid=\"norebro-custom-69f2bdb57ef0e\"\n\t \n\t>\n\n\t<a href=\"https:\/\/www.laparola.it\/romano\/liturgia-della-parola\/#google_vignette\" target=\"_blank\" \n\t\tclass=\"btn  btn-squared btn-huge full-width\">\n\n\t\t\n\t\t<span class=\"text\">\n\t\t\tPAROLA DEL GIORNO\t\t<\/span>\n\n\t\t\n\t\t\t<\/a>\n\n<\/div>[vc_empty_space height=&#8221;30px&#8221;]<div class=\"norebro-heading-sc heading text-left\"\n\tid=\"norebro-custom-69f2bdb57efcc\" \n\t \n\t>\n\t\n\t\n\t\n\t<h3 class=\"title\">\n\t\t<span class=\"brand-color\">DA FACEBOOK<\/span> <span class=\"brand-color\"><\/span>\t<\/h3>\n\n\t\n\t\t\t<p class=\"subtitle\">\n\t\t\t\t\t<\/p>\n\t\t\n<\/div>[vc_empty_space height=&#8221;5px&#8221;][vc_column_text]<div class=\"cff-wrapper\"><div class=\"cff-wrapper-ctn \" ><div id=\"cff\"  class=\"cff cff-list-container  cff-default-styles  cff-mob-cols-1 cff-tab-cols-1\"   style=\"width:100%;\"   data-char=\"400\"  data-cff-flags=\"gdpr\" >\t<div id=\"cff-visual-header-591313190885902\" class=\"cff-visual-header\">\n\t\t\t\t\t\t<div class=\"cff-header-inner-wrap\">\n\t\t\t\t\t\t<div class=\"cff-header-text\" >\n\n\t\t\t\t\t\t\t\t\t\t\t\t<\/div>\n\t\t<\/div>\n\t<\/div>\n<div class=\"cff-posts-wrap\"><div id=\"cff_591313190885902_1368275178669670\" class=\"cff-item cff-status-post cff-album author-centro-papa-giovanni-emmenbr-cke\"  style=\"border-bottom: 1px solid #ddd;\">\n\t<div class=\"cff-author\">\n\t<div class=\"cff-author-text\">\n\t\t\t\t\t<div class=\"cff-page-name cff-author-date\" >\n\t\t\t\t<a href=\"https:\/\/facebook.com\/591313190885902\" target=\"_blank\" rel=\"nofollow noopener\" >Centro Papa Giovanni Emmenbr\u00fccke<\/a>\n\t\t\t\t<span class=\"cff-story\"> <\/span>\n\t\t\t<\/div>\n\t\t\t\n<p class=\"cff-date\" > 1 week ago <\/p>\n\t\t\t<\/div>\n\t<div class=\"cff-author-img  cff-no-consent\" data-avatar=\"https:\/\/scontent-fco2-1.xx.fbcdn.net\/v\/t39.30808-1\/307734537_452767143553816_2204173722074456890_n.jpg?stp=c148.0.430.430a_cp0_dst-jpg_s50x50_tt6&#038;_nc_cat=105&#038;ccb=1-7&#038;_nc_sid=f907e8&#038;_nc_eui2=AeEWj3KoVNgJXXSorrPGYIrlNx15r0pYfeU3HXmvSlh95e-bfwdPRKkdcqUgQs27uxexZtWpt3y0Ek7KZRHafdGR&#038;_nc_ohc=OLS19AMlwPoQ7kNvwEvaG1G&#038;_nc_oc=AdoyczZB7JAruSLo2e2SngX-ksaBhJ_63d-IHEhGl6InvA91u1B4cvb4tMGUkb5EfJI&#038;_nc_zt=24&#038;_nc_ht=scontent-fco2-1.xx&#038;edm=AKIiGfEEAAAA&#038;_nc_gid=6pvQ7-57MMp7SpsdISxRbg&#038;_nc_tpa=Q5bMBQGNMazikI01DuPEBghQsrc_Aa9n7WEjxO4BUBnN6HKfKMnPPn0SvB1nrdYdjR9z2l8UXDhBvvEQrA&#038;oh=00_Af0FgpgKQ7m-VzfakCOmPLTlOoLdKhgvRWVYKvlVdpVXlA&#038;oe=69F2515F\">\n\t\t<a href=\"https:\/\/facebook.com\/591313190885902\" target=\"_blank\" rel=\"nofollow noopener\" ><img decoding=\"async\" src=\"https:\/\/www.centropapagiovanni.ch\/wp-content\/plugins\/custom-facebook-feed\/\/assets\/img\/placeholder.png\" title=\"Centro Papa Giovanni Emmenbr\u00fccke\" alt=\"Centro Papa Giovanni Emmenbr\u00fccke\" width=40 height=40 onerror=\"this.style.display='none'\"><\/a>\n\t<\/div>\n<\/div>\n\n<div class=\"cff-post-text\" >\n\t<span class=\"cff-text\" data-color=\"\">\n\t\tDomenica 19 aprile 2026, presso il Centro Papa Giovanni di Emmenbr\u00fccke, abbiamo avuto l'onore di accogliere Teresa Manes, una donna che, con una grande forza, ha testimoniato come il dolore pi\u00f9 atroce, la perdita del figlio Andrea, possa non avere l'ultima parola sulla vita.<img class=\"cff-linebreak\" \/>\u200bDavanti a tutti i presenti, ai nostri ragazzi, Teresa ha incarnato il significato pi\u00f9 autentico del servizio: trasformare la propria sofferenza in un dono per il prossimo. Il bullismo, \u00e8 stato ribadito, \u00e8 una piaga che scaturisce dall'aridit\u00e0 del cuore e dal vuoto di valori; le parole di Teresa sono state come dei semi di carit\u00e0 e rispetto nei confronti di tutti senza nessun pregiudizio e farsi custodi della dignit\u00e0 altrui. <img class=\"cff-linebreak\" \/>Grazie Teresa per la tua presenza e per il tuo grande coraggio!<img class=\"cff-linebreak\" \/>\u201cLe parole sono come le pietre, fanno male. <img class=\"cff-linebreak\" \/>Se un cerchio ride di te e non \u00e8 con te, cambia cerchio.\u201d<img class=\"cff-linebreak\" \/>Un grazie a tutte le persone che hanno contribuito per la riuscita del pomeriggio. <img class=\"cff-linebreak\" \/><img class=\"cff-linebreak\" \/>#ilragazzodaipantalonirosa  <a href=\"https:\/\/facebook.com\/366143000170308\">#noalbullismo<\/a> Teresa Manes\t\t\t<\/span>\n\t<span class=\"cff-expand\">... <a href=\"#\" style=\"color: #\"><span class=\"cff-more\">See More<\/span><span class=\"cff-less\">See Less<\/span><\/a><\/span>\n\n<\/div>\n\n<p class=\"cff-media-link\">\n\t<a href=\"https:\/\/www.facebook.com\/933404345490091\/posts\/1368275178669670\" target=\"_blank\" style=\"color: #\">\n\t\t<span style=\"padding-right: 5px;\" class=\"fa fas fa-picture-o fa-image\"><\/span>Photo\t<\/a>\n<\/p>\n\t\t<div class=\"cff-post-links\">\n\t\t\t\t\t<a class=\"cff-viewpost-facebook\" href=\"https:\/\/www.facebook.com\/933404345490091\/posts\/1368275178669670\" title=\"Visualizza su Facebook\" target=\"_blank\" rel=\"nofollow noopener\" >Visualizza su Facebook<\/a>\n\t\t\t\t\t\t\t<div class=\"cff-share-container\">\n\t\t\t\t\t\t\t\t\t<span class=\"cff-dot\" >&middot;<\/span>\n\t\t\t\t\t\t\t\t<a class=\"cff-share-link\" href=\"https:\/\/www.facebook.com\/sharer\/sharer.php?u=https%3A%2F%2Fwww.facebook.com%2F933404345490091%2Fposts%2F1368275178669670\" title=\"Condividi\" >Condividi<\/a>\n\t\t\t\t<p class=\"cff-share-tooltip\">\n\t\t\t\t\t\t\t\t\t\t\t<a href=\"https:\/\/www.facebook.com\/sharer\/sharer.php?u=https%3A%2F%2Fwww.facebook.com%2F933404345490091%2Fposts%2F1368275178669670\" target=\"_blank\" rel=\"noopener noreferrer\" class=\"cff-facebook-icon\">\n\t\t\t\t\t\t\t<span class=\"fa fab fa-facebook-square\" aria-hidden=\"true\"><\/span>\n\t\t\t\t\t\t\t<span class=\"cff-screenreader\">Condividi su Facebook<\/span>\n\t\t\t\t\t\t<\/a>\n\t\t\t\t\t\t\t\t\t\t\t<a href=\"https:\/\/twitter.com\/intent\/tweet?text=https%3A%2F%2Fwww.facebook.com%2F933404345490091%2Fposts%2F1368275178669670\" target=\"_blank\" rel=\"noopener noreferrer\" class=\"cff-twitter-icon\">\n\t\t\t\t\t\t\t<span class=\"fa fab fa-twitter\" aria-hidden=\"true\"><\/span>\n\t\t\t\t\t\t\t<span class=\"cff-screenreader\">Condividi su Twitter<\/span>\n\t\t\t\t\t\t<\/a>\n\t\t\t\t\t\t\t\t\t\t\t<a href=\"https:\/\/www.linkedin.com\/shareArticle?mini=true&#038;url=https%3A%2F%2Fwww.facebook.com%2F933404345490091%2Fposts%2F1368275178669670&#038;title=%09%09%09Domenica%2019%20aprile%202026%2C%20presso%20il%20Centro%20Papa%20Giovanni%20di%20Emmenbr%C3%BCcke%2C%20abbiamo%20avuto%20l%27onore%20di%20accogliere%20Teresa%20Manes%2C%20una%20donna%20che%2C%20con%20una%20grande%20forza%2C%20ha%20testimoniato%20come%20il%20dolore%20pi%C3%B9%20atroce%2C%20la%20perdita%20del%20figlio%20Andrea%2C%20possa%20non%20avere%20l%27ultima%20parola%20sulla%20vita.%E2%80%8BDavanti%20a%20tutti%20i%20presenti%2C%20ai%20nostri%20ragazzi%2C%20Teresa%20ha%20incarnato%20il%20significato%20pi%C3%B9%20autentico%20del%20servizio%3A%20trasformare%20la%20propria%20sofferenza%20in%20un%20dono%20per%20il%20prossimo.%20Il%20bullismo%2C%20%C3%A8%20stato%20ribadito%2C%20%C3%A8%20una%20piaga%20che%20scaturisce%20dall%27aridit%C3%A0%20del%20cuore%20e%20dal%20vuoto%20di%20valori%3B%20le%20parole%20di%20Teresa%20sono%20state%20come%20dei%20semi%20di%20carit%C3%A0%20e%20rispetto%20nei%20confronti%20di%20tutti%20senza%20nessun%20pregiudizio%20e%20farsi%20custodi%20della%20dignit%C3%A0%20altrui.%20Grazie%20Teresa%20per%20la%20tua%20presenza%20e%20per%20il%20tuo%20grande%20coraggio%21%E2%80%9CLe%20parole%20sono%20come%20le%20pietre%2C%20fanno%20male.%20Se%20un%20cerchio%20ride%20di%20te%20e%20non%20%C3%A8%20con%20te%2C%20cambia%20cerchio.%E2%80%9DUn%20grazie%20a%20tutte%20le%20persone%20che%20hanno%20contribuito%20per%20la%20riuscita%20del%20pomeriggio.%20%23ilragazzodaipantalonirosa%20%20%23noalbullismo%20Teresa%20Manes%09%09%09%09\" target=\"_blank\" rel=\"noopener noreferrer\" class=\"cff-linkedin-icon\">\n\t\t\t\t\t\t\t<span class=\"fa fab fa-linkedin\" aria-hidden=\"true\"><\/span>\n\t\t\t\t\t\t\t<span class=\"cff-screenreader\">Condividi su LinkedIn<\/span>\n\t\t\t\t\t\t<\/a>\n\t\t\t\t\t\t\t\t\t\t\t<a href=\"mailto:?subject=Facebook&#038;body=https%3A%2F%2Fwww.facebook.com%2F933404345490091%2Fposts%2F1368275178669670%20-%20%0A%0A%09%0A%09%09Domenica%2019%20aprile%202026%2C%20presso%20il%20Centro%20Papa%20Giovanni%20di%20Emmenbr%C3%BCcke%2C%20abbiamo%20avuto%20l%27onore%20di%20accogliere%20Teresa%20Manes%2C%20una%20donna%20che%2C%20con%20una%20grande%20forza%2C%20ha%20testimoniato%20come%20il%20dolore%20pi%C3%B9%20atroce%2C%20la%20perdita%20del%20figlio%20Andrea%2C%20possa%20non%20avere%20l%27ultima%20parola%20sulla%20vita.%E2%80%8BDavanti%20a%20tutti%20i%20presenti%2C%20ai%20nostri%20ragazzi%2C%20Teresa%20ha%20incarnato%20il%20significato%20pi%C3%B9%20autentico%20del%20servizio%3A%20trasformare%20la%20propria%20sofferenza%20in%20un%20dono%20per%20il%20prossimo.%20Il%20bullismo%2C%20%C3%A8%20stato%20ribadito%2C%20%C3%A8%20una%20piaga%20che%20scaturisce%20dall%27aridit%C3%A0%20del%20cuore%20e%20dal%20vuoto%20di%20valori%3B%20le%20parole%20di%20Teresa%20sono%20state%20come%20dei%20semi%20di%20carit%C3%A0%20e%20rispetto%20nei%20confronti%20di%20tutti%20senza%20nessun%20pregiudizio%20e%20farsi%20custodi%20della%20dignit%C3%A0%20altrui.%20Grazie%20Teresa%20per%20la%20tua%20presenza%20e%20per%20il%20tuo%20grande%20coraggio%21%E2%80%9CLe%20parole%20sono%20come%20le%20pietre%2C%20fanno%20male.%20Se%20un%20cerchio%20ride%20di%20te%20e%20non%20%C3%A8%20con%20te%2C%20cambia%20cerchio.%E2%80%9DUn%20grazie%20a%20tutte%20le%20persone%20che%20hanno%20contribuito%20per%20la%20riuscita%20del%20pomeriggio.%20%23ilragazzodaipantalonirosa%20%20%23noalbullismo%20Teresa%20Manes%09%09%09%0A%09\" target=\"_blank\" rel=\"noopener noreferrer\" class=\"cff-email-icon\">\n\t\t\t\t\t\t\t<span class=\"fa fab fa-envelope\" aria-hidden=\"true\"><\/span>\n\t\t\t\t\t\t\t<span class=\"cff-screenreader\">Condividi via email<\/span>\n\t\t\t\t\t\t<\/a>\n\t\t\t\t\t\t\t\t\t<\/p>\n\t\t\t<\/div>\n\t\t\t<\/div>\n\t<\/div>\n\n\n\n<div id=\"cff_591313190885902_1366676945496160\" class=\"cff-item cff-status-post cff-album author-centro-papa-giovanni-emmenbr-cke\"  style=\"border-bottom: 1px solid #ddd;\">\n\t<div class=\"cff-author\">\n\t<div class=\"cff-author-text\">\n\t\t\t\t\t<div class=\"cff-page-name cff-author-date\" >\n\t\t\t\t<a href=\"https:\/\/facebook.com\/591313190885902\" target=\"_blank\" rel=\"nofollow noopener\" >Centro Papa Giovanni Emmenbr\u00fccke<\/a>\n\t\t\t\t<span class=\"cff-story\"> <\/span>\n\t\t\t<\/div>\n\t\t\t\n<p class=\"cff-date\" > 1 week ago <\/p>\n\t\t\t<\/div>\n\t<div class=\"cff-author-img  cff-no-consent\" data-avatar=\"https:\/\/scontent-fco2-1.xx.fbcdn.net\/v\/t39.30808-1\/307734537_452767143553816_2204173722074456890_n.jpg?stp=c148.0.430.430a_cp0_dst-jpg_s50x50_tt6&#038;_nc_cat=105&#038;ccb=1-7&#038;_nc_sid=f907e8&#038;_nc_eui2=AeEWj3KoVNgJXXSorrPGYIrlNx15r0pYfeU3HXmvSlh95e-bfwdPRKkdcqUgQs27uxexZtWpt3y0Ek7KZRHafdGR&#038;_nc_ohc=OLS19AMlwPoQ7kNvwEvaG1G&#038;_nc_oc=AdoyczZB7JAruSLo2e2SngX-ksaBhJ_63d-IHEhGl6InvA91u1B4cvb4tMGUkb5EfJI&#038;_nc_zt=24&#038;_nc_ht=scontent-fco2-1.xx&#038;edm=AKIiGfEEAAAA&#038;_nc_gid=6pvQ7-57MMp7SpsdISxRbg&#038;_nc_tpa=Q5bMBQGNMazikI01DuPEBghQsrc_Aa9n7WEjxO4BUBnN6HKfKMnPPn0SvB1nrdYdjR9z2l8UXDhBvvEQrA&#038;oh=00_Af0FgpgKQ7m-VzfakCOmPLTlOoLdKhgvRWVYKvlVdpVXlA&#038;oe=69F2515F\">\n\t\t<a href=\"https:\/\/facebook.com\/591313190885902\" target=\"_blank\" rel=\"nofollow noopener\" ><img decoding=\"async\" src=\"https:\/\/www.centropapagiovanni.ch\/wp-content\/plugins\/custom-facebook-feed\/\/assets\/img\/placeholder.png\" title=\"Centro Papa Giovanni Emmenbr\u00fccke\" alt=\"Centro Papa Giovanni Emmenbr\u00fccke\" width=40 height=40 onerror=\"this.style.display='none'\"><\/a>\n\t<\/div>\n<\/div>\n\n<div class=\"cff-post-text\" >\n\t<span class=\"cff-text\" data-color=\"\">\n\t\tOggi nella chiesa di Santa Maria a Emmenbr\u00fccke abbiamo vissuto un momento di grande gioia perch\u00e9, durante la Santa Messa delle ore 10:00, abbiamo celebrato il primo anniversario del battesimo di molti piccoli della nostra comunit\u00e0. Desideriamo ringraziare di cuore tutte le famiglie che hanno partecipato, dando valore a questo importante sacramento e impegnandosi a guidare i propri figli nel cammino di fede con il prezioso sostegno dell'intera comunit\u00e0. Infine, abbiamo concluso la festa con un aperitivo all'insegna del benessere e della condivisione, grazie al Gruppo Dinamico per il suo prodigioso impegno.\t\t\t<\/span>\n\t<span class=\"cff-expand\">... <a href=\"#\" style=\"color: #\"><span class=\"cff-more\">See More<\/span><span class=\"cff-less\">See Less<\/span><\/a><\/span>\n\n<\/div>\n\n<p class=\"cff-media-link\">\n\t<a href=\"https:\/\/www.facebook.com\/933404345490091\/posts\/1366676945496160\" target=\"_blank\" style=\"color: #\">\n\t\t<span style=\"padding-right: 5px;\" class=\"fa fas fa-picture-o fa-image\"><\/span>Photo\t<\/a>\n<\/p>\n\t\t<div class=\"cff-post-links\">\n\t\t\t\t\t<a class=\"cff-viewpost-facebook\" href=\"https:\/\/www.facebook.com\/933404345490091\/posts\/1366676945496160\" title=\"Visualizza su Facebook\" target=\"_blank\" rel=\"nofollow noopener\" >Visualizza su Facebook<\/a>\n\t\t\t\t\t\t\t<div class=\"cff-share-container\">\n\t\t\t\t\t\t\t\t\t<span class=\"cff-dot\" >&middot;<\/span>\n\t\t\t\t\t\t\t\t<a class=\"cff-share-link\" href=\"https:\/\/www.facebook.com\/sharer\/sharer.php?u=https%3A%2F%2Fwww.facebook.com%2F933404345490091%2Fposts%2F1366676945496160\" title=\"Condividi\" >Condividi<\/a>\n\t\t\t\t<p class=\"cff-share-tooltip\">\n\t\t\t\t\t\t\t\t\t\t\t<a href=\"https:\/\/www.facebook.com\/sharer\/sharer.php?u=https%3A%2F%2Fwww.facebook.com%2F933404345490091%2Fposts%2F1366676945496160\" target=\"_blank\" rel=\"noopener noreferrer\" class=\"cff-facebook-icon\">\n\t\t\t\t\t\t\t<span class=\"fa fab fa-facebook-square\" aria-hidden=\"true\"><\/span>\n\t\t\t\t\t\t\t<span class=\"cff-screenreader\">Condividi su Facebook<\/span>\n\t\t\t\t\t\t<\/a>\n\t\t\t\t\t\t\t\t\t\t\t<a href=\"https:\/\/twitter.com\/intent\/tweet?text=https%3A%2F%2Fwww.facebook.com%2F933404345490091%2Fposts%2F1366676945496160\" target=\"_blank\" rel=\"noopener noreferrer\" class=\"cff-twitter-icon\">\n\t\t\t\t\t\t\t<span class=\"fa fab fa-twitter\" aria-hidden=\"true\"><\/span>\n\t\t\t\t\t\t\t<span class=\"cff-screenreader\">Condividi su Twitter<\/span>\n\t\t\t\t\t\t<\/a>\n\t\t\t\t\t\t\t\t\t\t\t<a href=\"https:\/\/www.linkedin.com\/shareArticle?mini=true&#038;url=https%3A%2F%2Fwww.facebook.com%2F933404345490091%2Fposts%2F1366676945496160&#038;title=%09%09%09Oggi%20nella%20chiesa%20di%20Santa%20Maria%20a%20Emmenbr%C3%BCcke%20abbiamo%20vissuto%20un%20momento%20di%20grande%20gioia%20perch%C3%A9%2C%20durante%20la%20Santa%20Messa%20delle%20ore%2010%3A00%2C%20abbiamo%20celebrato%20il%20primo%20anniversario%20del%20battesimo%20di%20molti%20piccoli%20della%20nostra%20comunit%C3%A0.%20Desideriamo%20ringraziare%20di%20cuore%20tutte%20le%20famiglie%20che%20hanno%20partecipato%2C%20dando%20valore%20a%20questo%20importante%20sacramento%20e%20impegnandosi%20a%20guidare%20i%20propri%20figli%20nel%20cammino%20di%20fede%20con%20il%20prezioso%20sostegno%20dell%27intera%20comunit%C3%A0.%20Infine%2C%20abbiamo%20concluso%20la%20festa%20con%20un%20aperitivo%20all%27insegna%20del%20benessere%20e%20della%20condivisione%2C%20grazie%20al%20Gruppo%20Dinamico%20per%20il%20suo%20prodigioso%20impegno.%09%09%09%09\" target=\"_blank\" rel=\"noopener noreferrer\" class=\"cff-linkedin-icon\">\n\t\t\t\t\t\t\t<span class=\"fa fab fa-linkedin\" aria-hidden=\"true\"><\/span>\n\t\t\t\t\t\t\t<span class=\"cff-screenreader\">Condividi su LinkedIn<\/span>\n\t\t\t\t\t\t<\/a>\n\t\t\t\t\t\t\t\t\t\t\t<a href=\"mailto:?subject=Facebook&#038;body=https%3A%2F%2Fwww.facebook.com%2F933404345490091%2Fposts%2F1366676945496160%20-%20%0A%0A%09%0A%09%09Oggi%20nella%20chiesa%20di%20Santa%20Maria%20a%20Emmenbr%C3%BCcke%20abbiamo%20vissuto%20un%20momento%20di%20grande%20gioia%20perch%C3%A9%2C%20durante%20la%20Santa%20Messa%20delle%20ore%2010%3A00%2C%20abbiamo%20celebrato%20il%20primo%20anniversario%20del%20battesimo%20di%20molti%20piccoli%20della%20nostra%20comunit%C3%A0.%20Desideriamo%20ringraziare%20di%20cuore%20tutte%20le%20famiglie%20che%20hanno%20partecipato%2C%20dando%20valore%20a%20questo%20importante%20sacramento%20e%20impegnandosi%20a%20guidare%20i%20propri%20figli%20nel%20cammino%20di%20fede%20con%20il%20prezioso%20sostegno%20dell%27intera%20comunit%C3%A0.%20Infine%2C%20abbiamo%20concluso%20la%20festa%20con%20un%20aperitivo%20all%27insegna%20del%20benessere%20e%20della%20condivisione%2C%20grazie%20al%20Gruppo%20Dinamico%20per%20il%20suo%20prodigioso%20impegno.%09%09%09%0A%09\" target=\"_blank\" rel=\"noopener noreferrer\" class=\"cff-email-icon\">\n\t\t\t\t\t\t\t<span class=\"fa fab fa-envelope\" aria-hidden=\"true\"><\/span>\n\t\t\t\t\t\t\t<span class=\"cff-screenreader\">Condividi via email<\/span>\n\t\t\t\t\t\t<\/a>\n\t\t\t\t\t\t\t\t\t<\/p>\n\t\t\t<\/div>\n\t\t\t<\/div>\n\t<\/div>\n\n\n\n<div id=\"cff_591313190885902_1365637582266763\" class=\"cff-item cff-photo-post author-centro-papa-giovanni-emmenbr-cke\"  style=\"border-bottom: 1px solid #ddd;\">\n\t<div class=\"cff-author\">\n\t<div class=\"cff-author-text\">\n\t\t\t\t\t<div class=\"cff-page-name cff-author-date\" >\n\t\t\t\t<a href=\"https:\/\/facebook.com\/591313190885902\" target=\"_blank\" rel=\"nofollow noopener\" >Centro Papa Giovanni Emmenbr\u00fccke<\/a>\n\t\t\t\t<span class=\"cff-story\"> <\/span>\n\t\t\t<\/div>\n\t\t\t\n<p class=\"cff-date\" > 2 weeks ago <\/p>\n\t\t\t<\/div>\n\t<div class=\"cff-author-img  cff-no-consent\" data-avatar=\"https:\/\/scontent-fco2-1.xx.fbcdn.net\/v\/t39.30808-1\/307734537_452767143553816_2204173722074456890_n.jpg?stp=c148.0.430.430a_cp0_dst-jpg_s50x50_tt6&#038;_nc_cat=105&#038;ccb=1-7&#038;_nc_sid=f907e8&#038;_nc_eui2=AeEWj3KoVNgJXXSorrPGYIrlNx15r0pYfeU3HXmvSlh95e-bfwdPRKkdcqUgQs27uxexZtWpt3y0Ek7KZRHafdGR&#038;_nc_ohc=OLS19AMlwPoQ7kNvwEvaG1G&#038;_nc_oc=AdoyczZB7JAruSLo2e2SngX-ksaBhJ_63d-IHEhGl6InvA91u1B4cvb4tMGUkb5EfJI&#038;_nc_zt=24&#038;_nc_ht=scontent-fco2-1.xx&#038;edm=AKIiGfEEAAAA&#038;_nc_gid=6pvQ7-57MMp7SpsdISxRbg&#038;_nc_tpa=Q5bMBQGNMazikI01DuPEBghQsrc_Aa9n7WEjxO4BUBnN6HKfKMnPPn0SvB1nrdYdjR9z2l8UXDhBvvEQrA&#038;oh=00_Af0FgpgKQ7m-VzfakCOmPLTlOoLdKhgvRWVYKvlVdpVXlA&#038;oe=69F2515F\">\n\t\t<a href=\"https:\/\/facebook.com\/591313190885902\" target=\"_blank\" rel=\"nofollow noopener\" ><img decoding=\"async\" src=\"https:\/\/www.centropapagiovanni.ch\/wp-content\/plugins\/custom-facebook-feed\/\/assets\/img\/placeholder.png\" title=\"Centro Papa Giovanni Emmenbr\u00fccke\" alt=\"Centro Papa Giovanni Emmenbr\u00fccke\" width=40 height=40 onerror=\"this.style.display='none'\"><\/a>\n\t<\/div>\n<\/div>\n\n<div class=\"cff-post-text\" >\n\t<span class=\"cff-text\" data-color=\"\">\n\t\tCome oramai da tradizione, domenica prossima avr\u00e0 luogo la festa di San Francesco di Paola. Tutte le info le trovate nella locandina.\t\t\t<\/span>\n\t<span class=\"cff-expand\">... <a href=\"#\" style=\"color: #\"><span class=\"cff-more\">See More<\/span><span class=\"cff-less\">See Less<\/span><\/a><\/span>\n\n<\/div>\n\n<p class=\"cff-media-link\">\n\t<a href=\"https:\/\/www.facebook.com\/photo.php?fbid=1365637555600099&#038;set=a.452767110220486&#038;type=3\" target=\"_blank\" style=\"color: #\">\n\t\t<span style=\"padding-right: 5px;\" class=\"fa fas fa-picture-o fa-image\"><\/span>Photo\t<\/a>\n<\/p>\n\t\t<div class=\"cff-post-links\">\n\t\t\t\t\t<a class=\"cff-viewpost-facebook\" href=\"https:\/\/www.facebook.com\/photo.php?fbid=1365637555600099&#038;set=a.452767110220486&#038;type=3\" title=\"Visualizza su Facebook\" target=\"_blank\" rel=\"nofollow noopener\" >Visualizza su Facebook<\/a>\n\t\t\t\t\t\t\t<div class=\"cff-share-container\">\n\t\t\t\t\t\t\t\t\t<span class=\"cff-dot\" >&middot;<\/span>\n\t\t\t\t\t\t\t\t<a class=\"cff-share-link\" href=\"https:\/\/www.facebook.com\/sharer\/sharer.php?u=https%3A%2F%2Fwww.facebook.com%2Fphoto.php%3Ffbid%3D1365637555600099%26amp%3Bset%3Da.452767110220486%26amp%3Btype%3D3\" title=\"Condividi\" >Condividi<\/a>\n\t\t\t\t<p class=\"cff-share-tooltip\">\n\t\t\t\t\t\t\t\t\t\t\t<a href=\"https:\/\/www.facebook.com\/sharer\/sharer.php?u=https%3A%2F%2Fwww.facebook.com%2Fphoto.php%3Ffbid%3D1365637555600099%26amp%3Bset%3Da.452767110220486%26amp%3Btype%3D3\" target=\"_blank\" rel=\"noopener noreferrer\" class=\"cff-facebook-icon\">\n\t\t\t\t\t\t\t<span class=\"fa fab fa-facebook-square\" aria-hidden=\"true\"><\/span>\n\t\t\t\t\t\t\t<span class=\"cff-screenreader\">Condividi su Facebook<\/span>\n\t\t\t\t\t\t<\/a>\n\t\t\t\t\t\t\t\t\t\t\t<a href=\"https:\/\/twitter.com\/intent\/tweet?text=https%3A%2F%2Fwww.facebook.com%2Fphoto.php%3Ffbid%3D1365637555600099%26amp%3Bset%3Da.452767110220486%26amp%3Btype%3D3\" target=\"_blank\" rel=\"noopener noreferrer\" class=\"cff-twitter-icon\">\n\t\t\t\t\t\t\t<span class=\"fa fab fa-twitter\" aria-hidden=\"true\"><\/span>\n\t\t\t\t\t\t\t<span class=\"cff-screenreader\">Condividi su Twitter<\/span>\n\t\t\t\t\t\t<\/a>\n\t\t\t\t\t\t\t\t\t\t\t<a href=\"https:\/\/www.linkedin.com\/shareArticle?mini=true&#038;url=https%3A%2F%2Fwww.facebook.com%2Fphoto.php%3Ffbid%3D1365637555600099%26amp%3Bset%3Da.452767110220486%26amp%3Btype%3D3&#038;title=%09%09%09Come%20oramai%20da%20tradizione%2C%20domenica%20prossima%20avr%C3%A0%20luogo%20la%20festa%20di%20San%20Francesco%20di%20Paola.%20Tutte%20le%20info%20le%20trovate%20nella%20locandina.%09%09%09%09\" target=\"_blank\" rel=\"noopener noreferrer\" class=\"cff-linkedin-icon\">\n\t\t\t\t\t\t\t<span class=\"fa fab fa-linkedin\" aria-hidden=\"true\"><\/span>\n\t\t\t\t\t\t\t<span class=\"cff-screenreader\">Condividi su LinkedIn<\/span>\n\t\t\t\t\t\t<\/a>\n\t\t\t\t\t\t\t\t\t\t\t<a href=\"mailto:?subject=Facebook&#038;body=https%3A%2F%2Fwww.facebook.com%2Fphoto.php%3Ffbid%3D1365637555600099%26amp%3Bset%3Da.452767110220486%26amp%3Btype%3D3%20-%20%0A%0A%09%0A%09%09Come%20oramai%20da%20tradizione%2C%20domenica%20prossima%20avr%C3%A0%20luogo%20la%20festa%20di%20San%20Francesco%20di%20Paola.%20Tutte%20le%20info%20le%20trovate%20nella%20locandina.%09%09%09%0A%09\" target=\"_blank\" rel=\"noopener noreferrer\" class=\"cff-email-icon\">\n\t\t\t\t\t\t\t<span class=\"fa fab fa-envelope\" aria-hidden=\"true\"><\/span>\n\t\t\t\t\t\t\t<span class=\"cff-screenreader\">Condividi via email<\/span>\n\t\t\t\t\t\t<\/a>\n\t\t\t\t\t\t\t\t\t<\/p>\n\t\t\t<\/div>\n\t\t\t<\/div>\n\t<\/div>\n\n\n\n<div id=\"cff_591313190885902_1361552329341955\" class=\"cff-item cff-photo-post author-centro-papa-giovanni-emmenbr-cke\"  style=\"border-bottom: 1px solid #ddd;\">\n\t<div class=\"cff-author\">\n\t<div class=\"cff-author-text\">\n\t\t\t\t\t<div class=\"cff-page-name cff-author-date\" >\n\t\t\t\t<a href=\"https:\/\/facebook.com\/591313190885902\" target=\"_blank\" rel=\"nofollow noopener\" >Centro Papa Giovanni Emmenbr\u00fccke<\/a>\n\t\t\t\t<span class=\"cff-story\"> <\/span>\n\t\t\t<\/div>\n\t\t\t\n<p class=\"cff-date\" > 2 weeks ago <\/p>\n\t\t\t<\/div>\n\t<div class=\"cff-author-img  cff-no-consent\" data-avatar=\"https:\/\/scontent-fco2-1.xx.fbcdn.net\/v\/t39.30808-1\/307734537_452767143553816_2204173722074456890_n.jpg?stp=c148.0.430.430a_cp0_dst-jpg_s50x50_tt6&#038;_nc_cat=105&#038;ccb=1-7&#038;_nc_sid=f907e8&#038;_nc_eui2=AeEWj3KoVNgJXXSorrPGYIrlNx15r0pYfeU3HXmvSlh95e-bfwdPRKkdcqUgQs27uxexZtWpt3y0Ek7KZRHafdGR&#038;_nc_ohc=OLS19AMlwPoQ7kNvwEvaG1G&#038;_nc_oc=AdoyczZB7JAruSLo2e2SngX-ksaBhJ_63d-IHEhGl6InvA91u1B4cvb4tMGUkb5EfJI&#038;_nc_zt=24&#038;_nc_ht=scontent-fco2-1.xx&#038;edm=AKIiGfEEAAAA&#038;_nc_gid=6pvQ7-57MMp7SpsdISxRbg&#038;_nc_tpa=Q5bMBQGNMazikI01DuPEBghQsrc_Aa9n7WEjxO4BUBnN6HKfKMnPPn0SvB1nrdYdjR9z2l8UXDhBvvEQrA&#038;oh=00_Af0FgpgKQ7m-VzfakCOmPLTlOoLdKhgvRWVYKvlVdpVXlA&#038;oe=69F2515F\">\n\t\t<a href=\"https:\/\/facebook.com\/591313190885902\" target=\"_blank\" rel=\"nofollow noopener\" ><img decoding=\"async\" src=\"https:\/\/www.centropapagiovanni.ch\/wp-content\/plugins\/custom-facebook-feed\/\/assets\/img\/placeholder.png\" title=\"Centro Papa Giovanni Emmenbr\u00fccke\" alt=\"Centro Papa Giovanni Emmenbr\u00fccke\" width=40 height=40 onerror=\"this.style.display='none'\"><\/a>\n\t<\/div>\n<\/div>\n\n<div class=\"cff-post-text\" >\n\t<span class=\"cff-text\" data-color=\"\">\n\t\tAnche quest\u2019anno organizziamo il campeggio per tutti i bambini e ragazzi ad Engelberg. \u201cTU sei IMPORTANTE perch\u00e9 UNICO\u201d. Per info dettagliate potete prendere contatto con la nostra segreteria di Missione. <img class=\"cff-linebreak\" \/><a href=\"https:\/\/facebook.com\/473828129337581\">#campeggio<\/a> <a href=\"https:\/\/facebook.com\/154418108050492\">#ragazzi<\/a> <a href=\"https:\/\/facebook.com\/1522255584491662\">#attivit\u00e0belle<\/a>\t\t\t<\/span>\n\t<span class=\"cff-expand\">... <a href=\"#\" style=\"color: #\"><span class=\"cff-more\">See More<\/span><span class=\"cff-less\">See Less<\/span><\/a><\/span>\n\n<\/div>\n\n<p class=\"cff-media-link\">\n\t<a href=\"https:\/\/www.facebook.com\/photo.php?fbid=1361552302675291&#038;set=a.452767110220486&#038;type=3\" target=\"_blank\" style=\"color: #\">\n\t\t<span style=\"padding-right: 5px;\" class=\"fa fas fa-picture-o fa-image\"><\/span>Photo\t<\/a>\n<\/p>\n\t\t<div class=\"cff-post-links\">\n\t\t\t\t\t<a class=\"cff-viewpost-facebook\" href=\"https:\/\/www.facebook.com\/photo.php?fbid=1361552302675291&#038;set=a.452767110220486&#038;type=3\" title=\"Visualizza su Facebook\" target=\"_blank\" rel=\"nofollow noopener\" >Visualizza su Facebook<\/a>\n\t\t\t\t\t\t\t<div class=\"cff-share-container\">\n\t\t\t\t\t\t\t\t\t<span class=\"cff-dot\" >&middot;<\/span>\n\t\t\t\t\t\t\t\t<a class=\"cff-share-link\" href=\"https:\/\/www.facebook.com\/sharer\/sharer.php?u=https%3A%2F%2Fwww.facebook.com%2Fphoto.php%3Ffbid%3D1361552302675291%26amp%3Bset%3Da.452767110220486%26amp%3Btype%3D3\" title=\"Condividi\" >Condividi<\/a>\n\t\t\t\t<p class=\"cff-share-tooltip\">\n\t\t\t\t\t\t\t\t\t\t\t<a href=\"https:\/\/www.facebook.com\/sharer\/sharer.php?u=https%3A%2F%2Fwww.facebook.com%2Fphoto.php%3Ffbid%3D1361552302675291%26amp%3Bset%3Da.452767110220486%26amp%3Btype%3D3\" target=\"_blank\" rel=\"noopener noreferrer\" class=\"cff-facebook-icon\">\n\t\t\t\t\t\t\t<span class=\"fa fab fa-facebook-square\" aria-hidden=\"true\"><\/span>\n\t\t\t\t\t\t\t<span class=\"cff-screenreader\">Condividi su Facebook<\/span>\n\t\t\t\t\t\t<\/a>\n\t\t\t\t\t\t\t\t\t\t\t<a href=\"https:\/\/twitter.com\/intent\/tweet?text=https%3A%2F%2Fwww.facebook.com%2Fphoto.php%3Ffbid%3D1361552302675291%26amp%3Bset%3Da.452767110220486%26amp%3Btype%3D3\" target=\"_blank\" rel=\"noopener noreferrer\" class=\"cff-twitter-icon\">\n\t\t\t\t\t\t\t<span class=\"fa fab fa-twitter\" aria-hidden=\"true\"><\/span>\n\t\t\t\t\t\t\t<span class=\"cff-screenreader\">Condividi su Twitter<\/span>\n\t\t\t\t\t\t<\/a>\n\t\t\t\t\t\t\t\t\t\t\t<a href=\"https:\/\/www.linkedin.com\/shareArticle?mini=true&#038;url=https%3A%2F%2Fwww.facebook.com%2Fphoto.php%3Ffbid%3D1361552302675291%26amp%3Bset%3Da.452767110220486%26amp%3Btype%3D3&#038;title=%09%09%09Anche%20quest%E2%80%99anno%20organizziamo%20il%20campeggio%20per%20tutti%20i%20bambini%20e%20ragazzi%20ad%20Engelberg.%20%E2%80%9CTU%20sei%20IMPORTANTE%20perch%C3%A9%20UNICO%E2%80%9D.%20Per%20info%20dettagliate%20potete%20prendere%20contatto%20con%20la%20nostra%20segreteria%20di%20Missione.%20%23campeggio%20%23ragazzi%20%23attivit%C3%A0belle%09%09%09%09\" target=\"_blank\" rel=\"noopener noreferrer\" class=\"cff-linkedin-icon\">\n\t\t\t\t\t\t\t<span class=\"fa fab fa-linkedin\" aria-hidden=\"true\"><\/span>\n\t\t\t\t\t\t\t<span class=\"cff-screenreader\">Condividi su LinkedIn<\/span>\n\t\t\t\t\t\t<\/a>\n\t\t\t\t\t\t\t\t\t\t\t<a href=\"mailto:?subject=Facebook&#038;body=https%3A%2F%2Fwww.facebook.com%2Fphoto.php%3Ffbid%3D1361552302675291%26amp%3Bset%3Da.452767110220486%26amp%3Btype%3D3%20-%20%0A%0A%09%0A%09%09Anche%20quest%E2%80%99anno%20organizziamo%20il%20campeggio%20per%20tutti%20i%20bambini%20e%20ragazzi%20ad%20Engelberg.%20%E2%80%9CTU%20sei%20IMPORTANTE%20perch%C3%A9%20UNICO%E2%80%9D.%20Per%20info%20dettagliate%20potete%20prendere%20contatto%20con%20la%20nostra%20segreteria%20di%20Missione.%20%23campeggio%20%23ragazzi%20%23attivit%C3%A0belle%09%09%09%0A%09\" target=\"_blank\" rel=\"noopener noreferrer\" class=\"cff-email-icon\">\n\t\t\t\t\t\t\t<span class=\"fa fab fa-envelope\" aria-hidden=\"true\"><\/span>\n\t\t\t\t\t\t\t<span class=\"cff-screenreader\">Condividi via email<\/span>\n\t\t\t\t\t\t<\/a>\n\t\t\t\t\t\t\t\t\t<\/p>\n\t\t\t<\/div>\n\t\t\t<\/div>\n\t<\/div>\n\n\n\n<\/div><input class=\"cff-pag-url\" type=\"hidden\" data-locatornonce=\"d48cb73927\" data-cff-shortcode=\"{&quot;feed&quot;: &quot;2&quot;}\" data-post-id=\"5674670\" data-feed-id=\"591313190885902\"><\/div><\/div><div class=\"cff-clear\"><\/div><\/div>[\/vc_column_text][vc_empty_space height=&#8221;25px&#8221;][\/vc_column][\/vc_row][vc_row][vc_column width=&#8221;1\/4&#8243;][vc_empty_space height=&#8221;25px&#8221;][\/vc_column][vc_column width=&#8221;1\/4&#8243;][\/vc_column][vc_column width=&#8221;1\/4&#8243;][\/vc_column][vc_column width=&#8221;1\/4&#8243;][\/vc_column][\/vc_row][vc_row][vc_column][vc_empty_space][\/vc_column][\/vc_row][vc_row disable_element=&#8221;yes&#8221;][vc_column width=&#8221;1\/4&#8243;]<div class=\"norebro-button-sc btn-wrap text-center\" \n\tid=\"norebro-custom-69f2bdb58309c\"\n\t \n\t>\n\n\t<a href=\"#\" \n\t\tclass=\"btn  btn-squared btn-outline btn-huge full-width\">\n\n\t\t\n\t\t<span class=\"text\">\n\t\t\tGET MORE INFO\t\t<\/span>\n\n\t\t\n\t\t\t<\/a>\n\n<\/div>[\/vc_column][vc_column width=&#8221;1\/4&#8243;]<div class=\"norebro-button-sc btn-wrap text-center\" \n\tid=\"norebro-custom-69f2bdb583155\"\n\t \n\t>\n\n\t<a href=\"#\" \n\t\tclass=\"btn  btn-squared btn-outline btn-huge full-width\">\n\n\t\t\n\t\t<span class=\"text\">\n\t\t\tGET MORE INFO\t\t<\/span>\n\n\t\t\n\t\t\t<\/a>\n\n<\/div>[\/vc_column][vc_column width=&#8221;1\/4&#8243;]<div class=\"norebro-button-sc btn-wrap text-center\" \n\tid=\"norebro-custom-69f2bdb5831f9\"\n\t \n\t>\n\n\t<a href=\"#\" \n\t\tclass=\"btn  btn-squared btn-outline btn-huge full-width\">\n\n\t\t\n\t\t<span class=\"text\">\n\t\t\tGET MORE INFO\t\t<\/span>\n\n\t\t\n\t\t\t<\/a>\n\n<\/div>[\/vc_column][vc_column width=&#8221;1\/4&#8243;]<div class=\"norebro-button-sc btn-wrap text-center\" \n\tid=\"norebro-custom-69f2bdb583295\"\n\t \n\t>\n\n\t<a href=\"#\" \n\t\tclass=\"btn  btn-squared btn-outline btn-huge full-width\">\n\n\t\t\n\t\t<span class=\"text\">\n\t\t\tGET MORE INFO\t\t<\/span>\n\n\t\t\n\t\t\t<\/a>\n\n<\/div>[\/vc_column][\/vc_row][vc_row disable_element=&#8221;yes&#8221;][vc_column][vc_empty_space][\/vc_column][\/vc_row]\n<\/section>","protected":false},"excerpt":{"rendered":"<p>[vc_row disable_element=&#8221;yes&#8221;][vc_column][\/vc_column][\/vc_row][vc_row][vc_column][\/vc_column][\/vc_row][vc_row][vc_column][vc_empty_space height=&#8221;0px&#8221;][\/vc_column][\/vc_row][vc_row full_width=&#8221;stretch_row&#8221; full_height=&#8221;yes&#8221; equal_height=&#8221;yes&#8221; disable_element=&#8221;yes&#8221; css=&#8221;.vc_custom_1715439155894{background-position: center !important;background-repeat: no-repeat !important;background-size: cover !important;}&#8221; side_background_title_color=&#8221;rgba(0,0,0,0.03)&#8221; side_background_title_typo=&#8221;font_size~110||letter_spacing~-1||weight~600||uppercase~1&#8243; el_id=&#8221;home&#8221;][vc_column width=&#8221;1\/2&#8243;][vc_empty_space height=&#8221;0px&#8221;][\/vc_column][vc_column width=&#8221;1\/2&#8243;][\/vc_column][\/vc_row][vc_row][vc_column][vc_empty_space height=&#8221;0px&#8221;][\/vc_column][\/vc_row][vc_row disable_element=&#8221;yes&#8221;][vc_column][vc_empty_space height=&#8221;30px&#8221;][vc_empty_space height=&#8221;5px&#8221;][\/vc_column][\/vc_row][vc_row equal_height=&#8221;yes&#8221; disable_element=&#8221;yes&#8221;][vc_column][vc_empty_space height=&#8221;15px&#8221;][vc_empty_space height=&#8221;5px&#8221;][vc_empty_space height=&#8221;20px&#8221;][\/vc_column][\/vc_row][vc_row disable_element=&#8221;yes&#8221;][vc_column width=&#8221;2\/3&#8243;][vc_empty_space height=&#8221;20px&#8221;][vc_empty_space][\/vc_column][vc_column width=&#8221;1\/3&#8243;][vc_empty_space height=&#8221;20px&#8221;][vc_empty_space height=&#8221;30px&#8221;][vc_empty_space height=&#8221;5px&#8221;][vc_column_text][\/vc_column_text][vc_empty_space height=&#8221;25px&#8221;][\/vc_column][\/vc_row][vc_row][vc_column width=&#8221;1\/4&#8243;][vc_empty_space height=&#8221;25px&#8221;][\/vc_column][vc_column width=&#8221;1\/4&#8243;][\/vc_column][vc_column width=&#8221;1\/4&#8243;][\/vc_column][vc_column width=&#8221;1\/4&#8243;][\/vc_column][\/vc_row][vc_row][vc_column][vc_empty_space][\/vc_column][\/vc_row][vc_row disable_element=&#8221;yes&#8221;][vc_column width=&#8221;1\/4&#8243;][\/vc_column][vc_column width=&#8221;1\/4&#8243;][\/vc_column][vc_column width=&#8221;1\/4&#8243;][\/vc_column][vc_column width=&#8221;1\/4&#8243;][\/vc_column][\/vc_row][vc_row disable_element=&#8221;yes&#8221;][vc_column][vc_empty_space][\/vc_column][\/vc_row]<\/p>\n","protected":false},"author":1,"featured_media":0,"parent":0,"menu_order":0,"comment_status":"closed","ping_status":"closed","template":"","meta":{"footnotes":""},"class_list":["post-5673251","page","type-page","status-publish","hentry"],"_links":{"self":[{"href":"https:\/\/www.centropapagiovanni.ch\/index.php\/wp-json\/wp\/v2\/pages\/5673251","targetHints":{"allow":["GET"]}}],"collection":[{"href":"https:\/\/www.centropapagiovanni.ch\/index.php\/wp-json\/wp\/v2\/pages"}],"about":[{"href":"https:\/\/www.centropapagiovanni.ch\/index.php\/wp-json\/wp\/v2\/types\/page"}],"author":[{"embeddable":true,"href":"https:\/\/www.centropapagiovanni.ch\/index.php\/wp-json\/wp\/v2\/users\/1"}],"replies":[{"embeddable":true,"href":"https:\/\/www.centropapagiovanni.ch\/index.php\/wp-json\/wp\/v2\/comments?post=5673251"}],"version-history":[{"count":3,"href":"https:\/\/www.centropapagiovanni.ch\/index.php\/wp-json\/wp\/v2\/pages\/5673251\/revisions"}],"predecessor-version":[{"id":5673254,"href":"https:\/\/www.centropapagiovanni.ch\/index.php\/wp-json\/wp\/v2\/pages\/5673251\/revisions\/5673254"}],"wp:attachment":[{"href":"https:\/\/www.centropapagiovanni.ch\/index.php\/wp-json\/wp\/v2\/media?parent=5673251"}],"curies":[{"name":"wp","href":"https:\/\/api.w.org\/{rel}","templated":true}]}}